{"id":48,"date":"2024-04-11T13:49:00","date_gmt":"2024-04-11T11:49:00","guid":{"rendered":"https:\/\/senak.inf.tu-dresden.de\/wordpress\/?page_id=48"},"modified":"2025-11-12T21:29:50","modified_gmt":"2025-11-12T20:29:50","slug":"wochenangebot","status":"publish","type":"page","link":"https:\/\/senak.inf.tu-dresden.de\/wordpress\/?page_id=48","title":{"rendered":"&#8230; aus der DSA berichtet"},"content":{"rendered":"<p><!-- Leerzeile --><br \/><hr class=\"grey\" \/><table><tr bgcolor=\"#FCF7C5\"><td style=\"border-style:none;\"><\/p>\n<h3><strong>&#8230; auszugsweise von unseren Veranstaltungen vorgestellt<\/strong><\/h3>\n<p><\/td><\/tr><\/table>&nbsp;<br \/><strong>Sehr geehrte H\u00f6rerinnen und H\u00f6rer,<\/strong><\/p>\n<p>Ihre Meinung ist uns wichtig! Bitte berichten Sie <strong>von Ihrem Erleben und Eindr\u00fccken bei unseren Veranstaltungen<\/strong> der DSA. Ebenso sind uns immer <strong>Anregungen und auch Kritik<\/strong> hilfreich f\u00fcr die weitere Programmgestaltung. Der Kontakt ist jederzeit m\u00f6glich per eMail \u00fcber unser <a href=\"https:\/\/senak.inf.tu-dresden.de\/wordpress\/?page_id=27\">Kontaktformular<\/a> oder direkt <a href=\"mailto:buero-seniorenakademie@dsa-senioren.de\"><strong>buero-seniorenakademie@dsa-senioren.de<\/strong><\/a> bzw. schriftlich an unsere B\u00fcroadresse.<\/p>\n<p>Wir ver\u00f6ffentlichen auf dieser Internet-Seite gern Ihren Beitrag oder treten f\u00fcr eine pers\u00f6nliche Absprache direkt mit Ihnen in Verbindung.<\/p>\n<hr class=\"grey\" \/><table><tr bgcolor=\"#F2F2F2\"><td style=\"border-style:none;\"><\/p>\n<h2><span style=\"font-family: Arial, serif;\">H\u00f6rfunkproduktion f\u00fcr Senioren<\/span><\/h2>\n<p><\/td><\/tr><\/table>&nbsp;\n<p><a href=\"https:\/\/senak.inf.tu-dresden.de\/wordpress\/wp-content\/uploads\/2025\/11\/Peter-Rentsch.jpg\"><img loading=\"lazy\" class=\" wp-image-31087 alignright\" src=\"https:\/\/senak.inf.tu-dresden.de\/wordpress\/wp-content\/uploads\/2025\/11\/Peter-Rentsch-300x227.jpg\" alt=\"\" width=\"239\" height=\"181\" srcset=\"https:\/\/senak.inf.tu-dresden.de\/wordpress\/wp-content\/uploads\/2025\/11\/Peter-Rentsch-300x227.jpg 300w, https:\/\/senak.inf.tu-dresden.de\/wordpress\/wp-content\/uploads\/2025\/11\/Peter-Rentsch-1024x774.jpg 1024w, https:\/\/senak.inf.tu-dresden.de\/wordpress\/wp-content\/uploads\/2025\/11\/Peter-Rentsch-768x580.jpg 768w, https:\/\/senak.inf.tu-dresden.de\/wordpress\/wp-content\/uploads\/2025\/11\/Peter-Rentsch.jpg 1417w\" sizes=\"(max-width: 239px) 100vw, 239px\" \/><\/a>Das Medienkulturzentrum im ehemaligen Kraftwerk Mitte hat eine eigene Seniorenredaktion H\u00f6rfunk, die u. a. eigene Radiosendungen produziert. Mitglieder der DSA hatten am 11.11.2025 w\u00e4hrend einer sehr interessanten Veranstaltung die M\u00f6glichkeit, selbst kleine Texte im Studio einzusprechen. Der Tontechniker f\u00fchrte dann vor, wie die Aufnahmen bearbeitet, zusammengestellt und auf einer CD pr\u00e4sentiert werden k\u00f6nnen.<\/p>\n<p><span style=\"font-family: Arial, serif;\"><i>Text und Foto: Peter Rentzsch<\/i><\/span><\/p>\n<p>\u00a0<\/p>\n<hr class=\"grey\" \/><table><tr bgcolor=\"#F2F2F2\"><td style=\"border-style:none;\"><\/p>\n<h2><a href=\"https:\/\/senak.inf.tu-dresden.de\/wordpress\/wp-content\/uploads\/2025\/07\/Poemmelte.pdf\">Reise zum Ringheiligtum P\u00f6mmelte und zum Schloss K\u00f6then<\/a><\/h2>\n<p><\/td><\/tr><\/table>&nbsp;\n<hr class=\"grey\" \/><table><tr bgcolor=\"#F2F2F2\"><td style=\"border-style:none;\"><\/p>\n<h2><a href=\"https:\/\/senak.inf.tu-dresden.de\/wordpress\/wp-content\/uploads\/2025\/03\/RB_Leipzig.pdf\">Reise zum Panometer Leipzig und zur Edvard-Grieg-Begegnungsst\u00e4tte<\/a><\/h2>\n<p><\/td><\/tr><\/table>&nbsp;\n<hr class=\"grey\" \/><table><tr bgcolor=\"#F2F2F2\"><td style=\"border-style:none;\"><\/p>\n<h2>Faszination Steinkohle in Freital-Burgk<\/h2>\n<p><\/td><\/tr><\/table>&nbsp;\n<p>Eine Gruppe der Seniorenakademie \u00a0besichtigte am 16. April 2024 die Tagesstrecke Oberes Revier Freital Burgk. Wir konnten Wissenswertes \u00fcber die etwa 300 Millionen Jahre alte Steinkohle hautnah erfahren. Dar\u00fcber hinaus gab es Informationen zum Thema Bergbau oder zum Grubenungl\u00fcck vom 2. August 1869. Wir konnten auf etwa 120 Metern L\u00e4nge einfahren und ein Steinkohlenfl\u00f6z am Ort seiner Entstehung besichtigen.<\/p>\n<div id=\"attachment_29781\" style=\"width: 253px\" class=\"wp-caption alignleft\"><a href=\"https:\/\/senak.inf.tu-dresden.de\/wordpress\/wp-content\/uploads\/2024\/05\/Berwerk-Freital-Burgk-16.4.2024-vorm-Schaustollen-Foto-Uta-Loeser-IMG_7037-scaled.jpg\"><img aria-describedby=\"caption-attachment-29781\" loading=\"lazy\" class=\" wp-image-29781\" src=\"https:\/\/senak.inf.tu-dresden.de\/wordpress\/wp-content\/uploads\/2024\/05\/Berwerk-Freital-Burgk-16.4.2024-vorm-Schaustollen-Foto-Uta-Loeser-IMG_7037-300x225.jpg\" alt=\"\" width=\"243\" height=\"182\" srcset=\"https:\/\/senak.inf.tu-dresden.de\/wordpress\/wp-content\/uploads\/2024\/05\/Berwerk-Freital-Burgk-16.4.2024-vorm-Schaustollen-Foto-Uta-Loeser-IMG_7037-300x225.jpg 300w, https:\/\/senak.inf.tu-dresden.de\/wordpress\/wp-content\/uploads\/2024\/05\/Berwerk-Freital-Burgk-16.4.2024-vorm-Schaustollen-Foto-Uta-Loeser-IMG_7037-1024x768.jpg 1024w, https:\/\/senak.inf.tu-dresden.de\/wordpress\/wp-content\/uploads\/2024\/05\/Berwerk-Freital-Burgk-16.4.2024-vorm-Schaustollen-Foto-Uta-Loeser-IMG_7037-768x576.jpg 768w, https:\/\/senak.inf.tu-dresden.de\/wordpress\/wp-content\/uploads\/2024\/05\/Berwerk-Freital-Burgk-16.4.2024-vorm-Schaustollen-Foto-Uta-Loeser-IMG_7037-1536x1152.jpg 1536w, https:\/\/senak.inf.tu-dresden.de\/wordpress\/wp-content\/uploads\/2024\/05\/Berwerk-Freital-Burgk-16.4.2024-vorm-Schaustollen-Foto-Uta-Loeser-IMG_7037-2048x1536.jpg 2048w\" sizes=\"(max-width: 243px) 100vw, 243px\" \/><\/a><p id=\"caption-attachment-29781\" class=\"wp-caption-text\">Gespanntes Warten vor dem Eingang vor dem Schacht.<\/p><\/div>\n<p>Das Heimatmuseum vermittelt anschaulich Wissen zu allen Facetten des Bergbaus im \u201eD\u00f6hlener Becken\u201c. Dazu geh\u00f6ren die Bergbauschauanlage mit einer authentisch nachgestalteten Untertagesituation und der Lagerst\u00e4tten-Kundlichen Ausstellung \u201eFaszination Steinkohle\u201c, der Technikgarten und die Schau im Hauptgeb\u00e4ude zur 450-j\u00e4hrigen Geschichte des Steinkohlenbergbaus.<\/p>\n<p>Der Eingang zum Stollen befindet\u00a0 sich im Garten des Schlosses Freital-Burgk, das das Stadtmuseum Freital mit den St\u00e4dtischen Sammlungen beherbergt. \u00a0Teil der Sammlung sind unter anderem neun klassische Gem\u00e4lde von\u00a0<a href=\"https:\/\/de.wikipedia.org\/wiki\/Otto_Dix\">Otto Dix<\/a>\u00a0sowie Werke der K\u00fcnstler\u00a0<a href=\"https:\/\/de.wikipedia.org\/wiki\/Willy_Kriegel\">Willy Kriegel<\/a>,\u00a0<a href=\"https:\/\/de.wikipedia.org\/wiki\/Wilhelm_Lachnit\">Wilhelm Lachnit<\/a>,\u00a0<a href=\"https:\/\/de.wikipedia.org\/wiki\/Wilhelm_Rudolph_(Maler)\">Wilhelm Rudolph<\/a>,\u00a0<a href=\"https:\/\/de.wikipedia.org\/wiki\/Pol_Cassel\">Pol Cassel<\/a>,\u00a0<a href=\"https:\/\/de.wikipedia.org\/wiki\/Otto_Lange_(Maler,_1879)\">Otto Lange<\/a>,\u00a0<a href=\"https:\/\/de.wikipedia.org\/wiki\/Curt_Querner\">Curt Querner<\/a>,\u00a0<a href=\"https:\/\/de.wikipedia.org\/wiki\/Christoph_Voll\">Christoph Voll<\/a>\u00a0und\u00a0<a href=\"https:\/\/de.wikipedia.org\/wiki\/Ewald_Sch%C3%B6nberg\">Ewald Sch\u00f6nberg<\/a>.<\/p>\n<p><em>Text und Foto: Uta L\u00f6ser<\/em><\/p>\n<hr class=\"grey\" \/><table><tr bgcolor=\"#F2F2F2\"><td style=\"border-style:none;\"><\/p>\n<h2>Ein halbes Jahrhundert dazwischen<br \/>Das Wintersemester der Dresdner Seniorenakademie 2025\/2026 ist er\u00f6ffnet<\/h2>\n<p><\/td><\/tr><\/table>&nbsp;\n<p>Die Auftaktveranstaltung zum Wintersemester 2025 \u2013 2026 begeisterte am 20. Oktober die H\u00f6rerinnen und H\u00f6rer im Klemperer Saal der SLUB. Unter dem Titel <strong>\u201eEin halbes Jahrhundert dazwischen\u201c <\/strong>gestalteten Autorinnen und Autoren der IG Schreibwerkstatt \u201eSilberfedern\u201c der DSA und des Beruflichen Gymnasiums IBB Dresden literarische Begegnungen. Die erfrischenden, nachdenklichen, heiteren, tiefgreifenden Texte von Jung und Alt fanden anerkennenden, herzlichen Beifall. \u00a0Unter Leitung von Dr. G\u00fcnter Gie\u00dfler, der die Schreibwerkstatt und den Zirkel im Gymnasium leitet, entstand dieses Programm. Die Sch\u00fclerinnen Annica Marschik, Nicole Pomsel, Lily Pidun, und Lital Wissmann reflektieren in ihren Texten ihren Alltag, ihre W\u00fcnsche und Gedanken zur Gegenwart. Ihre literarischen Erinnerungen und Sichten auf das Zeitgeschehen pr\u00e4sentierten die \u201eSilberfedern\u201c Christine Kiosze, Karin K\u00f6ntges, Dorothea Roggan und Hartmut Roth. Die Sch\u00fclerin Johanna Schl\u00e4t umrahmte die Lesung mit ihrer Klarinette auf wunderbare Weise.<\/p>\n<p><a href=\"https:\/\/senak.inf.tu-dresden.de\/wordpress\/wp-content\/uploads\/2025\/11\/Dr.-Giessler-Schuelerinnen-IBB-und-Senioren-Schreibwerkstatt-DSA-Foto-Dr.-Margitta-Thonig.jpg\"><img loading=\"lazy\" class=\"size-medium wp-image-31070 alignright\" src=\"https:\/\/senak.inf.tu-dresden.de\/wordpress\/wp-content\/uploads\/2025\/11\/Dr.-Giessler-Schuelerinnen-IBB-und-Senioren-Schreibwerkstatt-DSA-Foto-Dr.-Margitta-Thonig-300x243.jpg\" alt=\"\" width=\"300\" height=\"243\" srcset=\"https:\/\/senak.inf.tu-dresden.de\/wordpress\/wp-content\/uploads\/2025\/11\/Dr.-Giessler-Schuelerinnen-IBB-und-Senioren-Schreibwerkstatt-DSA-Foto-Dr.-Margitta-Thonig-300x243.jpg 300w, https:\/\/senak.inf.tu-dresden.de\/wordpress\/wp-content\/uploads\/2025\/11\/Dr.-Giessler-Schuelerinnen-IBB-und-Senioren-Schreibwerkstatt-DSA-Foto-Dr.-Margitta-Thonig-1024x830.jpg 1024w, https:\/\/senak.inf.tu-dresden.de\/wordpress\/wp-content\/uploads\/2025\/11\/Dr.-Giessler-Schuelerinnen-IBB-und-Senioren-Schreibwerkstatt-DSA-Foto-Dr.-Margitta-Thonig-768x623.jpg 768w, https:\/\/senak.inf.tu-dresden.de\/wordpress\/wp-content\/uploads\/2025\/11\/Dr.-Giessler-Schuelerinnen-IBB-und-Senioren-Schreibwerkstatt-DSA-Foto-Dr.-Margitta-Thonig-1536x1246.jpg 1536w, https:\/\/senak.inf.tu-dresden.de\/wordpress\/wp-content\/uploads\/2025\/11\/Dr.-Giessler-Schuelerinnen-IBB-und-Senioren-Schreibwerkstatt-DSA-Foto-Dr.-Margitta-Thonig.jpg 1672w\" sizes=\"(max-width: 300px) 100vw, 300px\" \/><\/a><\/p>\n<p>Der Beifall und die spontanen, \u00e4u\u00dferst positiven R\u00fcckmeldungen zu diesem neuen Format einer Semesterer\u00f6ffnung &#8211; mit der literarischen Begegnung zwischen Jung und Alt &#8211; unterstreichen den Wert des gemeinsamen Projektes unter Leitung von Herrn Dr. G\u00fcnter Gie\u00dfler. \u201eIhm, seinen jungen Autorinnen und seinen Silberfedern gilt unser aller Dank und unsere Anerkennung\u201c, sagt Dr. Margitta Thonig, Vorstandsmitglied f\u00fcr die Interessengruppen der Seniorenakademie.<\/p>\n<p>In diesem Sinne schreibt Marlies Wernicke: \u201eAls neu eingeschriebene H\u00f6rerin habe ich die avisierte Auftaktveranstaltung besucht und war begeistert von dem sehr interessanten und wirklich rundum gelungenen Programm. Noch Tage danach habe ich die interessanten Geschichten in ihrer sehr gro\u00dfen Bandbreite gedanklich verarbeitet und im Familien- und Freundeskreis dar\u00fcber berichtet. Die Auswahl der Vortragenden und die Beitr\u00e4ge, wie auch immer sie entstanden, vor allem aus der Sichtweise der J\u00fcngeren und \u00c4lteren waren \u00e4u\u00dferst gelungen. Die musikalische Umrahmung und der Raum in der SLUB haben alles noch mehr aufgewertet.\u201c<\/p>\n<p>Gudrun Buhrig<\/p>\n<p>Verantwortliche f\u00fcr \u00d6ffentlichkeitsarbeit des Vorstands der DSA<\/p>\n<p>\u00a0<\/p>\n<hr class=\"grey\" \/><table><tr bgcolor=\"#F2F2F2\"><td style=\"border-style:none;\"><\/p>\n<h2>Mit Neugier und Wissensdurst ins neue Semester<br \/>Das Sommersemester der Dresdner Seniorenakademie 2024 ist er\u00f6ffnet<\/h2>\n<p><\/td><\/tr><\/table>&nbsp;\n<p>Heiter und beschwingt stimmt ein Walzer von Eugen d\u2019 Albert die G\u00e4ste auf die Er\u00f6ffnung des Sommersemesters am 8. April 2024 ein. Am Konzertfl\u00fcgel wird das St\u00fcck von Jacob Nydegger vorgetragen.<\/p>\n<div id=\"attachment_29687\" style=\"width: 310px\" class=\"wp-caption alignright\"><a href=\"https:\/\/senak.inf.tu-dresden.de\/wordpress\/wp-content\/uploads\/2024\/04\/Peter-Rentzsch-SoSe-Eroeffnung-2024.jpg\"><img aria-describedby=\"caption-attachment-29687\" loading=\"lazy\" class=\"size-medium wp-image-29687\" src=\"https:\/\/senak.inf.tu-dresden.de\/wordpress\/wp-content\/uploads\/2024\/04\/Peter-Rentzsch-SoSe-Eroeffnung-2024-300x237.jpg\" alt=\"\" width=\"300\" height=\"237\" srcset=\"https:\/\/senak.inf.tu-dresden.de\/wordpress\/wp-content\/uploads\/2024\/04\/Peter-Rentzsch-SoSe-Eroeffnung-2024-300x237.jpg 300w, https:\/\/senak.inf.tu-dresden.de\/wordpress\/wp-content\/uploads\/2024\/04\/Peter-Rentzsch-SoSe-Eroeffnung-2024-1024x808.jpg 1024w, https:\/\/senak.inf.tu-dresden.de\/wordpress\/wp-content\/uploads\/2024\/04\/Peter-Rentzsch-SoSe-Eroeffnung-2024-768x606.jpg 768w, https:\/\/senak.inf.tu-dresden.de\/wordpress\/wp-content\/uploads\/2024\/04\/Peter-Rentzsch-SoSe-Eroeffnung-2024.jpg 1314w\" sizes=\"(max-width: 300px) 100vw, 300px\" \/><\/a><p id=\"caption-attachment-29687\" class=\"wp-caption-text\">Am Konzertfl\u00fcgel: Jacob Nydegger, Student der Hochschule f\u00fcr Musik Dresden.<br \/>Foto: Peter Rentzsch<\/p><\/div>\n<p>Vor dem Gro\u00dfen Saal des Hygiene-Museums stellt die Malgruppe Wolfram Neumann ihre Arbeiten zum Thema \u201eAbstrakte Formen- und Farblehre \u2013 wir erarbeiten uns formale Werkzeuge, um Natur in eine Bildsprache zu bringen\u201c aus. Mit dem musikalischen Auftakt, wie stets vorgetragen von Studenten der Musikhochschule Dresden, und der Vorstellung einer Interessengruppe pflegt die Dresdner Seniorenakademie auch im 30. Jahr ihres Bestehens eine sch\u00f6ne Tradition.<br \/>Tradition ist auch, dass sich der langj\u00e4hrige Partner Eberhardt TRAVEL mit den gemeinsamen Bildungsreisen vorstellt. Im Gep\u00e4ck auch Jubil\u00e4ums-Tagesfahrten zu 30 Jahre DSA mit der Tour zur KRABAT Saga an der KRABAT-M\u00fchle in Schwarzkollm oder ins Osterzgebirge zur Talsperre Gottleuba, Hochwasserschutz in der Region und Trinkwasserversorger der Stadt Dresden.<\/p>\n<p>Dieter Seyfarth, Vorstandsvorsitzender der Seniorenakademie, entf\u00fchrt die 200 H\u00f6rerinnen und H\u00f6rer in seiner Begr\u00fc\u00dfung gedanklich auf die japanische Insel Okinawa. Sie ist bekannt daf\u00fcr, dass die Menschen dort sehr alt werden, ungew\u00f6hnlich viele \u00fcber Hundertj\u00e4hrige leben. Das subtropische Klima, die beschauliche Lebensart und die einmalig sch\u00f6ne Natur bieten beste Voraussetzungen. \u201eDie Inselbewohner f\u00fchren ein ausgepr\u00e4gtes Sozialleben\u201c, nennt Dieter Seyfarth einen weiteren Grund und spannt den Bogen zu unseren Breiten: \u201eZufriedenheit und Wohlbefinden erleben wir als \u00e4ltere Generation durch aktive Teilnahme am gesellschaftlichen Leben.\u201c<br \/>Ihre Wertsch\u00e4tzung f\u00fcr die Dresdner Seniorenakademie bringen \u2013 und das ist ebenfalls Tradition \u2013 die Gru\u00dfworte zum Ausdruck. Dr. Susanne Illmer, Leiterin Wissenschaft und , Veranstaltungen des Hygiene-Museums, w\u00fcnscht ein anregendes, erkenntnisreiches halbes Jahr und l\u00e4dt die H\u00f6rerinnen und H\u00f6rer in die Sonderausstellung \u201eVEB Museum \u2013 das Deutsche Hygiene-Museum in der DDR\u201c ein. Auch Jan Donhauser, Erster B\u00fcrgermeister und Beigeordneter f\u00fcr Bildung und Jugend der Landeshauptstadt Dresden, spricht eine Einladung zu den Veranstaltungen anl\u00e4sslich der Er\u00f6ffnung des Heinz-Steyer-Stadions Ende Juni 2024 aus. \u201e\u00c4ltere Menschen sind ein Schatz f\u00fcr unsere Gesellschaft und Br\u00fcckenbauer zwischen den Generationen\u201c, sagt Dr. Cornelia H\u00e4hne, Leiterin des Dezernats Universit\u00e4tskultur an der TU Dresden. Als Vorsitzende des Beirates der Dresdner Seniorenakademie w\u00fcnscht sie: \u201eStarten Sie mit Neugier und Wissensdurst in das neue Semester.\u201c<\/p>\n<div id=\"attachment_29686\" style=\"width: 189px\" class=\"wp-caption alignleft\"><a href=\"https:\/\/senak.inf.tu-dresden.de\/wordpress\/wp-content\/uploads\/2024\/04\/Peter-Rentzsch-SoSe-Eroeffnung-2024-Wecke.jpg\"><img aria-describedby=\"caption-attachment-29686\" loading=\"lazy\" class=\" wp-image-29686\" src=\"https:\/\/senak.inf.tu-dresden.de\/wordpress\/wp-content\/uploads\/2024\/04\/Peter-Rentzsch-SoSe-Eroeffnung-2024-Wecke-223x300.jpg\" alt=\"\" width=\"179\" height=\"241\" srcset=\"https:\/\/senak.inf.tu-dresden.de\/wordpress\/wp-content\/uploads\/2024\/04\/Peter-Rentzsch-SoSe-Eroeffnung-2024-Wecke-223x300.jpg 223w, https:\/\/senak.inf.tu-dresden.de\/wordpress\/wp-content\/uploads\/2024\/04\/Peter-Rentzsch-SoSe-Eroeffnung-2024-Wecke-759x1024.jpg 759w, https:\/\/senak.inf.tu-dresden.de\/wordpress\/wp-content\/uploads\/2024\/04\/Peter-Rentzsch-SoSe-Eroeffnung-2024-Wecke-768x1035.jpg 768w, https:\/\/senak.inf.tu-dresden.de\/wordpress\/wp-content\/uploads\/2024\/04\/Peter-Rentzsch-SoSe-Eroeffnung-2024-Wecke.jpg 1091w\" sizes=\"(max-width: 179px) 100vw, 179px\" \/><\/a><p id=\"caption-attachment-29686\" class=\"wp-caption-text\">Dr. Claudius Wecke spricht zum Thema: Strategien zur Bew\u00e4ltigung des Klimawandels in den historischen G\u00e4rten Sachsens<br \/>Foto: Peter Rentzsch<\/p><\/div>\n<p>Die sommerlichen Temperaturen an diesem 8. April liefern dem Festredner eine Steilvorlage. Dr. Claudius Wecke spricht \u00fcber die \u201eStrategien zur Bew\u00e4ltigung des Klimawandels in den historischen G\u00e4rten Sachsens\u201c. Zwischendurch m\u00fcsse es aber unbedingt regnen, so der Leiter Bereich G\u00e4rten bei Staatliche Schl\u00f6sser, Burgen und G\u00e4rten Sachsens GmbH. Einleitend stellt er fest, dass der Klimawandel nicht vor den 18 G\u00e4rten Sachsens mit teilweise \u00fcber 300 j\u00e4hriger Geschichte halt macht. Zeichen daf\u00fcr seien ausgetrocknete Kan\u00e4le, absterbende Altb\u00e4ume, vertrocknete Rhododendren und verd\u00f6rrter Rasen. Am Beispiel des Gro\u00dfen Gartens \u2013 an dessen Rand die Seniorenakademie im Hygiene-Museum von Anfang an ihr Zuhause hat &#8211; und des Schlossparks von Pillnitz erl\u00e4utert der Redner wie die Kulturlandschaft erhalten werden soll. Der Bedarf an Baumpflegearbeiten \u2013 insgesamt stehen rund 27 000 B\u00e4ume in den s\u00e4chsischen G\u00e4rten \u2013 ist sprunghaft gestiegen. Wasser wird zunehmend knapper. Ein halbautonomer mobiler Wassertank soll k\u00fcnftig in Pillnitz zum Beispiel daf\u00fcr sorgen, dass das wertvolle Nass optimal eingesetzt wird. Unter alten B\u00e4umen bleibt das Langgras stehen, um den Boden l\u00e4nger feucht zu halten. Zur Verbesserung der Bodenqualit\u00e4t wird aus dem reichlich anfallenden Restholz Pflanzkohle hergestellt. F\u00fcr Stieleichen \u2013 eine robuste Baumart \u2013 werden R\u00e4ume geschaffen, damit sie Licht und Sonne zum Gedeihen haben. Eigene Baumschulen im Gro\u00dfen Garten sowie in den Schlossg\u00e4rten von Pillnitz und Moritzburg ziehen heimische B\u00e4ume heran. Wie in Kleing\u00e4rten auch, hilft Gr\u00fcndung bei der Bodenverbesserung.<br \/>Schlie\u00dflich nennt Dr. Claudius Wecke drei Strategien, mit welchen Mitteln dem Klimawandel begegnet werden soll: 1. Die Nachpflanzung gelingt mit eigener Nachzucht. 2. Saatgut kommt aus vergleichbaren Klimaregionen \u2013 Balkan, Bulgarien und nur wenn beides nicht hilft, erfolgt 3. der Einsatz von neuen \u201eklimasicheren\u201c Arten. Optimistisch entl\u00e4sst der Referent die Zuh\u00f6rer mit zwei Aufnahmen von einem Baum: Das eine Foto zeigt einen vertrockneten Baum auf der Drachenwiese im Gro\u00dfen Garten, das zweite den gleichen wie er im n\u00e4chsten Fr\u00fchjahr wieder ausgetrieben hat. Es bleibt die Hoffnung!<\/p>\n<div id=\"attachment_29688\" style=\"width: 473px\" class=\"wp-caption alignleft\"><a href=\"https:\/\/senak.inf.tu-dresden.de\/wordpress\/wp-content\/uploads\/2024\/04\/SoSe-Eroeffnung-April-2024-Marion-Kottlos-scaled.jpg\"><img aria-describedby=\"caption-attachment-29688\" loading=\"lazy\" class=\" wp-image-29688\" src=\"https:\/\/senak.inf.tu-dresden.de\/wordpress\/wp-content\/uploads\/2024\/04\/SoSe-Eroeffnung-April-2024-Marion-Kottlos-300x169.jpg\" alt=\"\" width=\"463\" height=\"261\" srcset=\"https:\/\/senak.inf.tu-dresden.de\/wordpress\/wp-content\/uploads\/2024\/04\/SoSe-Eroeffnung-April-2024-Marion-Kottlos-300x169.jpg 300w, https:\/\/senak.inf.tu-dresden.de\/wordpress\/wp-content\/uploads\/2024\/04\/SoSe-Eroeffnung-April-2024-Marion-Kottlos-1024x577.jpg 1024w, https:\/\/senak.inf.tu-dresden.de\/wordpress\/wp-content\/uploads\/2024\/04\/SoSe-Eroeffnung-April-2024-Marion-Kottlos-768x432.jpg 768w, https:\/\/senak.inf.tu-dresden.de\/wordpress\/wp-content\/uploads\/2024\/04\/SoSe-Eroeffnung-April-2024-Marion-Kottlos-1536x865.jpg 1536w, https:\/\/senak.inf.tu-dresden.de\/wordpress\/wp-content\/uploads\/2024\/04\/SoSe-Eroeffnung-April-2024-Marion-Kottlos-2048x1153.jpg 2048w\" sizes=\"(max-width: 463px) 100vw, 463px\" \/><\/a><p id=\"caption-attachment-29688\" class=\"wp-caption-text\">Foto: Marion Kottlos<\/p><\/div>\n<p>Abschlie\u00dfend macht Dieter Seyfarth auf Veranstaltungen in diesem Jubil\u00e4umsjahr aufmerksam. Besonders hebt er den 8. Juni 2024 hervor. An diesem Tag findet die Museumsnacht statt, zu der sich die Seniorenakademie mit der Kunstinstallation \u201eLost in Space\u201c der Malgruppe Wolfram Neumann und weitere IGs im Hygiene-Museum vorstellen. Alles, was Sie \u00fcber die DSA wissen m\u00f6chten, erfahren Sie an einem Info. Stand. Vormerken k\u00f6nnen sich die H\u00f6rerinnen und H\u00f6rer den 21. Oktober 2024. Die Er\u00f6ffnung des Wintersemesters 2024\/2025 ist dem 30j\u00e4hrigen Jubil\u00e4um im Besonderen gewidmet, weil die Seniorenakademie am 7. Oktober 1994 gegr\u00fcndet wurde.<br \/><em>Gudrun Buhrig<\/em><\/p>\n<hr class=\"grey\" \/><table><tr bgcolor=\"#F2F2F2\"><td style=\"border-style:none;\"><\/p>\n<h2>Leidenschaft f\u00fcr Bildung und Ehrenamt<br \/>Das Wintersemester der Dresdner Seniorenakademie 2023\/2024 ist er\u00f6ffnet<\/h2>\n<p><\/td><\/tr><\/table>&nbsp;\n<p>Klaviermusik von Maurice Ravel und Claude Debussy erklingt im Gro\u00dfen Saal des Deutschen Hygiene Museums. Jacob Nydegger, Student an der Hochschule f\u00fcr Musik, stimmt am Konzertfl\u00fcgel auf die feierliche Er\u00f6ffnungsveranstaltung f\u00fcr das Wintersemester am 16. Oktober ein. <br \/>\u201eMit einem enormen Kraftaufwand haben wir wieder ein anspruchsvolles Programm mit 336 Veranstaltungen auf die Beine gestellt\u201c, sagt Dieter Seyfarth. Bisher haben sich \u00fcber 400 H\u00f6rerinnen und H\u00f6rer f\u00fcr das neue Semester eingeschrieben. Und das, obwohl Krisen in j\u00fcngster Vergangenheit und Gegenwart sowie Personalmangel auch unserer Seniorenakademie zugesetzt haben. Der Vorsitzender des Vereins der Freunde und F\u00f6rderer der Dresdner Seniorenakademie (DSA) vergleicht das Ringen f\u00fcr die Seniorenakademie mit der jedem Menschen inne wohnenden psychischen Widerstandsf\u00e4higkeit, schwierige Situationen, Lebenskrisen und Belastungsphasen zu meistern. Resilienz &#8211; so der Fachbegriff \u2013 beginnt nicht erst mit Eintritt ins Erwachsenenleben, h\u00f6rt nicht im Rentenalter auf und will st\u00e4ndig neu erworben werden. \u00c4ltere Menschen bleiben gesund, wenn die Psyche fit ist. Bildung und soziale Kontakte \u2013 beides bietet die DSA \u2013 tragen zum seelischen Gleichgewicht des Einzelnen bei.<br \/>\u201eHello Happiness\u201c, auf die aktuelle Sonderausstellung des Deutschen Hygiene Museums (bis 19.11.) bezieht sich Dr. Susanne Illmer in ihrem Gru\u00dfwort. Neue Erkenntnisse und Sichten, so die Leiterin Wissenschaft, Veranstaltungen des DHMD, werden nicht allein durch Wissenschaft und reine Fakten vermittelt. Nachvollziehen k\u00f6nnen das Besucher der Ausstellung in den \u201eOrten des Gl\u00fccks\u201c. Hier stellen Menschen, die in Dresden-Gorbitz zu Hause sind, ihre Lieblingsorte vor. Gl\u00fccklich sind sie zum Beispiel im Stadtblickpark oder auf der Gorbitzer H\u00f6henprominade. Pers\u00f6nliches, Emotionales wirken beim Betrachter h\u00e4ufig nachhaltiger als Rationales. Besucher der Ausstellung \u2013 H\u00f6rerinnen und H\u00f6rer sind herzlich dazu eingeladen \u2013 k\u00f6nnen so einen gef\u00fchlsm\u00e4\u00dfigen Bildungszuwachs erleben. <br \/>\u201eGl\u00fcck muss man sich erarbeiten\u201c, greift B\u00fcrgermeister Jan Donhauser das Thema seiner Vorrednerin auf. Das gelte auch f\u00fcr die in der Dresdner Seniorenakademie engagierten Frauen und M\u00e4nner. \u201eHier im Saal sitzen heute viele Erfahrene, die ein Ehrenamt bekleiden. Daf\u00fcr ein herzliches Dankesch\u00f6n\u201c, sagt der Beigeordnete f\u00fcr Bildung und Jugend der Landeshauptstadt Dresden.<br \/>Als Teil der Stadtgesellschaft, Ort des lebenslangen Lernens und sozialer Kontakte stellt Dr. Cornelia H\u00e4hne die TU Dresden vor. Die Leiterin des Dezernats Universit\u00e4tskultur w\u00fcrdigt die Leidenschaft der Seniorenakademie f\u00fcr Bildung als einen Ort der St\u00e4rke, der Resilienz und des geistigen Wohlbefindens. Den H\u00f6rerinnen und H\u00f6rern w\u00fcnscht sie f\u00fcrs neue Semester ein offenes Herz und wachen Geist.<\/p>\n<div id=\"attachment_29209\" style=\"width: 456px\" class=\"wp-caption alignright\"><a href=\"https:\/\/senak.inf.tu-dresden.de\/wordpress\/wp-content\/uploads\/2023\/10\/20231016_105242.jpg\"><img aria-describedby=\"caption-attachment-29209\" loading=\"lazy\" class=\" wp-image-29209\" src=\"https:\/\/senak.inf.tu-dresden.de\/wordpress\/wp-content\/uploads\/2023\/10\/20231016_105242-300x169.jpg\" alt=\"\" width=\"446\" height=\"251\" srcset=\"https:\/\/senak.inf.tu-dresden.de\/wordpress\/wp-content\/uploads\/2023\/10\/20231016_105242-300x169.jpg 300w, https:\/\/senak.inf.tu-dresden.de\/wordpress\/wp-content\/uploads\/2023\/10\/20231016_105242-1024x577.jpg 1024w, https:\/\/senak.inf.tu-dresden.de\/wordpress\/wp-content\/uploads\/2023\/10\/20231016_105242-768x432.jpg 768w, https:\/\/senak.inf.tu-dresden.de\/wordpress\/wp-content\/uploads\/2023\/10\/20231016_105242-1536x865.jpg 1536w, https:\/\/senak.inf.tu-dresden.de\/wordpress\/wp-content\/uploads\/2023\/10\/20231016_105242-2048x1153.jpg 2048w\" sizes=\"(max-width: 446px) 100vw, 446px\" \/><\/a><p id=\"caption-attachment-29209\" class=\"wp-caption-text\">Katrin Sachs, Gesch\u00e4ftsf\u00fchrendes Vorstandsmitglied der B\u00fcrgerstiftung Dresden, h\u00e4lt den Festvortrag: Ehrenamt h\u00e4lt fit. Foto: Marion Kottlos<\/p><\/div>\n<p>Im Festvortrag stellt Katrin Sachs die B\u00fcrgerstiftung Dresden vor. Seit 1999 hat sich die Stiftung das Ziel gesetzt, \u201eMenschen zusammenzuf\u00fchren, die etwas in der Stadt bewegen wollen, Menschen mit Engagement und Menschen, die das notwendige Geld haben, gute Ideen in die Tat umzusetzen.\u201c Mit dem Stiftungskapital werden zahlreiche Projekte gef\u00f6rdert. Als bedeutende Beispiele nennt das Mitglied des Gesch\u00e4ftsf\u00fchrenden Vorstandes das Palais im Gro\u00dfen Garten und die Busmannkapelle am Postplatz. Besondere Anerkennung findet das unerm\u00fcdliche ehrenamtliche Engagement der Dresdnerinnen und Dresdner. Mit dem Ehrenamtspass werden Freiwillige gew\u00fcrdigt, die in besonderem Ma\u00df ihre Freizeit in den Dienst der Allgemeinheit stellen. Organisationen und Vereinen werden f\u00fcr ihren Einsatz mit dem Ehrenamtssiegel ausgezeichnet. Der Dresdner Seniorenakademie wurde es im vergangenen Jahr verliehen. An das Publikum gewandt versichert Katrin Sachs: Ehrenamt h\u00e4lt fit.<\/p>\n<p>Gudrun Buhrig<\/p>\n<div id=\"attachment_29210\" style=\"width: 310px\" class=\"wp-caption alignright\"><a href=\"https:\/\/senak.inf.tu-dresden.de\/wordpress\/wp-content\/uploads\/2023\/10\/20231016_095239.jpg\"><img aria-describedby=\"caption-attachment-29210\" loading=\"lazy\" class=\"size-medium wp-image-29210\" src=\"https:\/\/senak.inf.tu-dresden.de\/wordpress\/wp-content\/uploads\/2023\/10\/20231016_095239-300x225.jpg\" alt=\"Die IG Malen der Gruppe Merbitz stellt ihre Werke aus, die im vergangenen Semester entstanden. Foto: Gudrun Buhrig\" width=\"300\" height=\"225\" srcset=\"https:\/\/senak.inf.tu-dresden.de\/wordpress\/wp-content\/uploads\/2023\/10\/20231016_095239-300x225.jpg 300w, https:\/\/senak.inf.tu-dresden.de\/wordpress\/wp-content\/uploads\/2023\/10\/20231016_095239-1024x768.jpg 1024w, https:\/\/senak.inf.tu-dresden.de\/wordpress\/wp-content\/uploads\/2023\/10\/20231016_095239-768x576.jpg 768w, https:\/\/senak.inf.tu-dresden.de\/wordpress\/wp-content\/uploads\/2023\/10\/20231016_095239-1536x1152.jpg 1536w, https:\/\/senak.inf.tu-dresden.de\/wordpress\/wp-content\/uploads\/2023\/10\/20231016_095239.jpg 2000w\" sizes=\"(max-width: 300px) 100vw, 300px\" \/><\/a><p id=\"caption-attachment-29210\" class=\"wp-caption-text\">Die IG Malen der Gruppe Merbitz stellt ihre Werke aus, die im vergangenen Semester entstanden. Foto: Gudrun Buhrig<\/p><\/div>\n<p><em>Unterst\u00fctzung erw\u00fcnscht. Das Wintersemester hat begonnen, die Vorbereitungen f\u00fcr das Sommersemester laufen. Daf\u00fcr braucht die Seniorenakademie Mitgestalter. Schenken Sie unserer Akademie Zeit. Egal welchen Umfang ihr Mitwirken hat, jedes Tun z\u00e4hlt und zahlt sich aus \u2013 f\u00fcr die Gemeinschaft und f\u00fcr Sie selbst. Wof\u00fcr Hilfe gebraucht wird, finden Sie auf der Homepage unter \u201e<a href=\"https:\/\/senak.inf.tu-dresden.de\/wordpress\/?page_id=2165\">Unterst\u00fctzung erw\u00fcnscht<\/a>\u201c.<\/em><\/p>\n<p>\u00a0<\/p>\n<hr class=\"grey\" \/><table><tr bgcolor=\"#F2F2F2\"><td style=\"border-style:none;\"><\/p>\n<h2 id=\"LNDW23\">Die Seniorenakademie stellt sich vor<\/h2>\n<p><\/td><\/tr><\/table>&nbsp;\n<p><a href=\"https:\/\/senak.inf.tu-dresden.de\/wordpress\/wp-content\/uploads\/2023\/10\/IMG-20230914-WA0006.jpg\"><img loading=\"lazy\" class=\" wp-image-29169 alignleft\" src=\"https:\/\/senak.inf.tu-dresden.de\/wordpress\/wp-content\/uploads\/2023\/10\/IMG-20230914-WA0006-300x275.jpg\" alt=\"\" width=\"200\" height=\"183\" srcset=\"https:\/\/senak.inf.tu-dresden.de\/wordpress\/wp-content\/uploads\/2023\/10\/IMG-20230914-WA0006-300x275.jpg 300w, https:\/\/senak.inf.tu-dresden.de\/wordpress\/wp-content\/uploads\/2023\/10\/IMG-20230914-WA0006-768x704.jpg 768w, https:\/\/senak.inf.tu-dresden.de\/wordpress\/wp-content\/uploads\/2023\/10\/IMG-20230914-WA0006.jpg 799w\" sizes=\"(max-width: 200px) 100vw, 200px\" \/><\/a>Das Sachsenforum in Dresden-Gorbitz hatte zum Seniorentag am 14. September eingeladen. Das Interesse an vielseitiger Beratung war bei den \u00e4lteren und auch j\u00fcngeren Besuchern des Einkaufszentrums gro\u00df. Sie konnten sich dabei unter anderem \u00fcber Freizeitangebote, Hilfen im Alltag und Bildungsm\u00f6glichkeiten informieren. Viele fanden den Weg zur Dresdner Seniorenakademie. An unserem Stand stellten wir die Seniorenakademie mit dem druckfrischen Programm f\u00fcr das Wintersemester, den Flyern zur digitalen Bildung und \u00fcber die Interessengruppen vor. Wichtig f\u00fcr uns, Mitglieder der \u00d6ffentlichkeitsarbeit, war es, mit den Interessenten ins Gespr\u00e4ch zu kommen, unsere Seniorenakademie bekannt zu machen. Mitgenommen haben wir auch so manche Anregung. Rat zu Renten und Steuern, zu Erbrecht und Verbraucherschutz sind beispielsweise Wunschthemen. <br \/>Gudrun Buhrig<\/p>\n<hr class=\"grey\" \/><table><tr bgcolor=\"#F2F2F2\"><td style=\"border-style:none;\"><\/p>\n<h2 id=\"LNDW23\">Senioren im All &#8211; Lost in Space?<\/h2>\n<p><\/td><\/tr><\/table>&nbsp;\n<p><strong>Eindr\u00fccke von der Langen Nacht der Wissenschaften am 30.Juni 2023<\/strong><\/p>\n<p>Wow. Erstaunt, \u00fcberrascht \u2013 so der erste Eindruck, begeistert das Fazit: Die Donnerstag-Malgruppe der Dresdner Seniorenakademie pr\u00e4sentiert zur Langen Nacht der Wissenschaften im H\u00f6rsaalzentrum der TU eine beindruckende Kunstinstallation. \u201eLost in Space\u201c nennen die Hobbymalerinnen und -maler ihr Werk. Die Idee dazu ist lange gereift und bis zur Vollendung dauerte es ein halbes Jahr.<a href=\"https:\/\/senak.inf.tu-dresden.de\/wordpress\/wp-content\/uploads\/2023\/07\/IMG_0105-scaled.jpg\"><img loading=\"lazy\" class=\"size-medium wp-image-29013 alignleft\" src=\"https:\/\/senak.inf.tu-dresden.de\/wordpress\/wp-content\/uploads\/2023\/07\/IMG_0105-300x225.jpg\" alt=\"\" width=\"300\" height=\"225\" srcset=\"https:\/\/senak.inf.tu-dresden.de\/wordpress\/wp-content\/uploads\/2023\/07\/IMG_0105-300x225.jpg 300w, https:\/\/senak.inf.tu-dresden.de\/wordpress\/wp-content\/uploads\/2023\/07\/IMG_0105-1024x768.jpg 1024w, https:\/\/senak.inf.tu-dresden.de\/wordpress\/wp-content\/uploads\/2023\/07\/IMG_0105-768x576.jpg 768w, https:\/\/senak.inf.tu-dresden.de\/wordpress\/wp-content\/uploads\/2023\/07\/IMG_0105-1536x1152.jpg 1536w, https:\/\/senak.inf.tu-dresden.de\/wordpress\/wp-content\/uploads\/2023\/07\/IMG_0105-2048x1536.jpg 2048w\" sizes=\"(max-width: 300px) 100vw, 300px\" \/><\/a><\/p>\n<p>Wolfram Neumann, der k\u00fcnstlerische Leiter der Gruppe, beschreibt die einzelnen Schaffens-Etappen, in denen \u00a0das Vorhaben Gestalt annimmt: Zuerst entstehen die au\u00dferirdischen bunten Steine aus Pappe. Im zweiten Schritt folgen die Figuren. Jedes IG-Mitglied stellt sich selbst \u00fcberlebensgro\u00df als Astronaut oder Fantasiegebilde dar &#8211; mit unverzichtbaren charakteristischen Dingen in Gep\u00e4ck. Da der Proviant f\u00fcr die Weltraumreise nicht lange reichen wird, machen sich die Freizeitmaler Gedanken, was sie zum \u00dcberleben\u00a0 im All z\u00fcchten wollen. So enth\u00e4lt das Habitat im Zentrum der Installation fantasievolle oder auch abstrakte Pflanzen und Tiere. Die Planetenr\u00fcckwand, die erst einen Tag vor der Ausstellung\u00a0 fertig\u00a0 wird, bildet den Abschluss der Arbeiten. <a href=\"https:\/\/senak.inf.tu-dresden.de\/wordpress\/wp-content\/uploads\/2023\/07\/IMG_0146-scaled.jpg\"><img loading=\"lazy\" class=\"size-medium wp-image-29017 alignright\" src=\"https:\/\/senak.inf.tu-dresden.de\/wordpress\/wp-content\/uploads\/2023\/07\/IMG_0146-300x225.jpg\" alt=\"\" width=\"300\" height=\"225\" srcset=\"https:\/\/senak.inf.tu-dresden.de\/wordpress\/wp-content\/uploads\/2023\/07\/IMG_0146-300x225.jpg 300w, https:\/\/senak.inf.tu-dresden.de\/wordpress\/wp-content\/uploads\/2023\/07\/IMG_0146-1024x768.jpg 1024w, https:\/\/senak.inf.tu-dresden.de\/wordpress\/wp-content\/uploads\/2023\/07\/IMG_0146-768x576.jpg 768w, https:\/\/senak.inf.tu-dresden.de\/wordpress\/wp-content\/uploads\/2023\/07\/IMG_0146-1536x1152.jpg 1536w, https:\/\/senak.inf.tu-dresden.de\/wordpress\/wp-content\/uploads\/2023\/07\/IMG_0146-2048x1536.jpg 2048w\" sizes=\"(max-width: 300px) 100vw, 300px\" \/><\/a><\/p>\n<p>Anfangs, so Renate Wei\u00dfenberger, hatte sie keine Vorstellung, \u00a0was auf sie zukommt. Manchmal \u2013 so erinnert sie sich &#8211; war es nervig. Insgesamt aber habe \u00a0die intensive Auseinandersetzung mit dem Thema Spa\u00df gemacht. Renate Wei\u00dfenberger hat sich mit einem Fernrohr vor Augen dargestellt, weil sie schauen wollte, \u201ewohin uns der Weg hier oben hinf\u00fchrt\u201c. Ewig im All bleiben will sie nicht. Auch Annemarie Bruhn m\u00f6chte unbedingt auf die Erde zur\u00fcck &#8211;\u00a0 besser gar nicht erst auf einen Planeten ohne Baum und Strauch reisen. Nur f\u00fcr eine kurze Stippvisite hat sie ihren Koffer und einen\u00a0 Rollator auf die Weltraureise mitgenommen.<a href=\"https:\/\/senak.inf.tu-dresden.de\/wordpress\/wp-content\/uploads\/2023\/07\/IMG_0141-scaled.jpg\"><img loading=\"lazy\" class=\"size-medium wp-image-29018 alignleft\" src=\"https:\/\/senak.inf.tu-dresden.de\/wordpress\/wp-content\/uploads\/2023\/07\/IMG_0141-225x300.jpg\" alt=\"\" width=\"225\" height=\"300\" srcset=\"https:\/\/senak.inf.tu-dresden.de\/wordpress\/wp-content\/uploads\/2023\/07\/IMG_0141-225x300.jpg 225w, https:\/\/senak.inf.tu-dresden.de\/wordpress\/wp-content\/uploads\/2023\/07\/IMG_0141-768x1024.jpg 768w, https:\/\/senak.inf.tu-dresden.de\/wordpress\/wp-content\/uploads\/2023\/07\/IMG_0141-1152x1536.jpg 1152w, https:\/\/senak.inf.tu-dresden.de\/wordpress\/wp-content\/uploads\/2023\/07\/IMG_0141-1536x2048.jpg 1536w, https:\/\/senak.inf.tu-dresden.de\/wordpress\/wp-content\/uploads\/2023\/07\/IMG_0141-scaled.jpg 1920w\" sizes=\"(max-width: 225px) 100vw, 225px\" \/><\/a><\/p>\n<p>Senioren\u2013 und nicht nur sie &#8211; werden sich wahrscheinlich im All recht verloren vorkommen. Hingegen ausgesprochen fr\u00f6hlich gestaltet sich der Aufenthalt von Trick-Astronauten in einem Video von Steffen Sch\u00fcttauf von der IG Videofilmen. Nach der Landung steigt eine Figur mit Stock ganz vorsichtig aus dem Raumschiff, andere folgen ebenso bedacht. Als sie merken, dass sie schweben, fliegen die St\u00f6cke weg, ein fr\u00f6hlicher, leichtf\u00fc\u00dfiger Tanz folgt. Einfach K\u00f6stlich.<\/p>\n<p>Eine dritte IG der Dresdner Seniorenakademie erg\u00e4nzt den Auftritt: Die Digitale Bildgestaltung pr\u00e4sentiert eine kleine, aber feine\u00a0 Auswahl von ihren Fotoarbeiten.\u00a0<\/p>\n<p><a href=\"https:\/\/senak.inf.tu-dresden.de\/wordpress\/wp-content\/uploads\/2023\/07\/IMG_0176-1-scaled.jpg\"><img loading=\"lazy\" class=\"size-medium wp-image-29014 alignright\" src=\"https:\/\/senak.inf.tu-dresden.de\/wordpress\/wp-content\/uploads\/2023\/07\/IMG_0176-1-300x300.jpg\" alt=\"\" width=\"300\" height=\"300\" srcset=\"https:\/\/senak.inf.tu-dresden.de\/wordpress\/wp-content\/uploads\/2023\/07\/IMG_0176-1-300x300.jpg 300w, https:\/\/senak.inf.tu-dresden.de\/wordpress\/wp-content\/uploads\/2023\/07\/IMG_0176-1-1024x1024.jpg 1024w, https:\/\/senak.inf.tu-dresden.de\/wordpress\/wp-content\/uploads\/2023\/07\/IMG_0176-1-150x150.jpg 150w, https:\/\/senak.inf.tu-dresden.de\/wordpress\/wp-content\/uploads\/2023\/07\/IMG_0176-1-768x768.jpg 768w, https:\/\/senak.inf.tu-dresden.de\/wordpress\/wp-content\/uploads\/2023\/07\/IMG_0176-1-1536x1536.jpg 1536w, https:\/\/senak.inf.tu-dresden.de\/wordpress\/wp-content\/uploads\/2023\/07\/IMG_0176-1-2048x2048.jpg 2048w\" sizes=\"(max-width: 300px) 100vw, 300px\" \/><\/a><\/p>\n<p>Im Foyer zwar einladend angek\u00fcndigt, finden leider nicht sehr viele Besucher den Raum im der zweiten Etage des H\u00f6rsaalzentrums an der Bergstra\u00dfe. Das ist schade. Diese tolle Kunstinstallation \u00a0wird auf alle F\u00e4lle zu anderen Anl\u00e4ssen wieder aufgebaut. Anbieten w\u00fcrden sich Semester-Er\u00f6ffnungen oder Veranstaltungen anl\u00e4sslich des 30j\u00e4hrigen Jubil\u00e4ums der Seniorenakademie im n\u00e4chsten Jahr.<\/p>\n<p><strong>Senioren im Foyer des H\u00f6rsaalzentrums<\/strong><\/p>\n<p><a href=\"https:\/\/senak.inf.tu-dresden.de\/wordpress\/wp-content\/uploads\/2023\/07\/20230513_1459592-scaled.jpg\"><img loading=\"lazy\" class=\"size-medium wp-image-29023 alignleft\" src=\"https:\/\/senak.inf.tu-dresden.de\/wordpress\/wp-content\/uploads\/2023\/07\/20230513_1459592-300x173.jpg\" alt=\"\" width=\"300\" height=\"173\" srcset=\"https:\/\/senak.inf.tu-dresden.de\/wordpress\/wp-content\/uploads\/2023\/07\/20230513_1459592-300x173.jpg 300w, https:\/\/senak.inf.tu-dresden.de\/wordpress\/wp-content\/uploads\/2023\/07\/20230513_1459592-1024x592.jpg 1024w, https:\/\/senak.inf.tu-dresden.de\/wordpress\/wp-content\/uploads\/2023\/07\/20230513_1459592-768x444.jpg 768w, https:\/\/senak.inf.tu-dresden.de\/wordpress\/wp-content\/uploads\/2023\/07\/20230513_1459592-1536x888.jpg 1536w, https:\/\/senak.inf.tu-dresden.de\/wordpress\/wp-content\/uploads\/2023\/07\/20230513_1459592-2048x1184.jpg 2048w\" sizes=\"(max-width: 300px) 100vw, 300px\" \/><\/a>Die Dresdner Seniorenakademie war zur Langen Nacht der Wissenschaften \u00a0am 30. Juni auch mit einem Informationsstand vertreten. Mitglieder der Gruppe \u00d6ffentlichkeitsarbeit und vom Team Online informierten zahlreiche \u00e4ltere, aber auch junge Besucher \u00fcber das vielseitige Bildungsangebot und die M\u00f6glichkeit, kreativ in Interessengruppen t\u00e4tig zu sein. Mit dem Sprach-Computer \u201eAlexa\u201c stellte sich die Seniorenakademie als KI-Lernort vor.<\/p>\n<p>Vielen Dank an alle Beteiligten f\u00fcr das ehrenamtliche Engagement.<\/p>\n<p>Gudrun Buhrig, Vorstand \u00d6ffentlichkeitsarbeit<\/p>\n<hr class=\"grey\" \/><table><tr bgcolor=\"#F2F2F2\"><td style=\"border-style:none;\"><\/p>\n<h2><strong>Mit IT-Wissen die Enkel verbl\u00fcffen<\/strong><\/h2>\n<p><\/td><\/tr><\/table>&nbsp;\n<p><strong>Eindr\u00fccke vom Aktionstag \u201eSZ-Lebensbegleiter\u201c im Haus der Presse am 13.Mai 2023<\/strong><\/p>\n<p>Akteure der SZ planten und veranstalteten den 1. Aktionstag SZ-Lebensbegleiter und boten damit verschiedenen Ausstellern und Dienstleistern eine B\u00fchne, ihre Angebote f\u00fcr ein komfortableres Leben im Alter einem breiten Publikum zu pr\u00e4sentieren. Es gab u.a. Angebote zur Mobilit\u00e4t und allgemein zu Fragen der Gesundheit. Aber auch das Thema Erhalt der geistigen Fitness kam nicht zu kurz. Neben Reisen \u2013 speziell auch f\u00fcr die Best Ager \u2013 wurde eine erlesene Auswahl B\u00fccher zu den verschiedensten Themen angeboten. <br \/>Abgerundet wurde das Programm mit F\u00fchrungen und Fachvortr\u00e4gen, die das Publikum gut annahm. Alle Vortr\u00e4ge zu besuchen, w\u00e4re einem Marathon gleichgekommen.<br \/>Ich entschied mich f\u00fcr den von Helmut Lutzmann von der Dresdner Seniorenakademie (DSA) auf der sch\u00f6nen Dachterrasse gehaltenen Vortrag zum Thema \u201eGesundheit durch Wissen \u2013 lernen h\u00e4lt fit\u201c. In Anlehnung an den Slogan einer bekannten deutschen Fernuniversit\u00e4t \u201eVorsprung durch Wissen\u201c h\u00e4tte der Vortrag auch mit \u201eKein Stillstand durch Wissen\u201c betitelt werden k\u00f6nnen. Jedenfalls brachte der Vortrag das Anliegen der DSA auf den Punkt. Der Andrang war entsprechend gro\u00df und selbst die r\u00fcckw\u00e4rtige \u201eErsatzbank\u201c war besetzt. Herrn Lutzmanns Bef\u00fcrchtung, aufgrund der Zeit so kurz nach dem Mittagessen, sinkt das Aufmerksamkeitslevel, best\u00e4tigte sich nicht. Das allgegenw\u00e4rtige Thema KI und die Notwendigkeit der Besch\u00e4ftigung damit, wurden von ihm sehr anschaulich dargestellt. Schon jetzt kommt man im Alltag ohne Smartphone oder Tablet nur schwer weiter. Sich im Umgang damit auf die Enkel zu verlassen, ist ein Weg. Sinnvoller erscheint es, sich selbst das n\u00f6tige Wissen anzueignen und dadurch nicht nur unabh\u00e4ngiger zu werden, sondern auch die geistige Beweglichkeit in Schwung zu halten. Und wer wei\u00df \u2013 vielleicht verbl\u00fcfft man die Enkel mit IT-Wissen, das sie noch nicht haben. Im Vortrag wurden jedenfalls die unterschiedlichsten Angebote der DSA zu diesem Thema aufgezeigt. Die DSA bietet durchschnittlich 300 Veranstaltungen pro Semester an. F\u00fcr das Herbstsemester ist ein Projekt \u201eKI f\u00fcr gutes Altern\/ Fluch und Segen\u201c in Planung. Angeboten werden die Veranstaltungen teilweise auch online oder als Hybrid-Veranstaltung. Man kann also an der jeweiligen Veranstaltung auch vom heimischen PC aus aktiv teilnehmen. <br \/>Zusammenfassend kann der Aktionstag als Erfolg gewertet werden. Der von mir besuchte Vortrag von Herrn Lutzmann war dar\u00fcber hinaus eine umfassende Argumentation f\u00fcr den Erhalt geistiger Beweglichkeit im Alter und die DSA bietet daf\u00fcr vielf\u00e4ltige M\u00f6glichkeiten.<\/p>\n<p>Katja-Petra Kaffka<\/p>\n<hr class=\"grey\" \/><table><tr bgcolor=\"#F2F2F2\"><td style=\"border-style:none;\"><\/p>\n<h2><strong>Wiedersehen zur festlichen Semesterer\u00f6ffnung<\/strong><\/h2>\n<p><\/td><\/tr><\/table>&nbsp;\n<p>F\u00fcr die langj\u00e4hrigen H\u00f6rer der DSA und ihre ehrenamtlichen Organisatoren ist die festliche Er\u00f6ffnung jedes Semesters Tradition. So fanden sich am 17. April 23 trotz des kalten regnerischen Wetters wieder Gr\u00fcndungsmitglieder und auch viele j\u00fcngere H\u00f6rer im Gro\u00dfen Saal des Deutschen Hygiene Museums ein. Man freute sich, bekannte Gesichter zu sehen und nutzte die M\u00f6glichkeit, um ein paar Worte zu wechseln.<br \/>Das vorliegende Semesterprogramm und die Worte des Vorstandvorsitzenden machten deutlich, dass die Digitalisierung auch in der DSA angekommen ist.<br \/>B\u00fcrgermeister Jan Donhauser bot der DSA auch k\u00fcnftig die Zusammenarbeit mit der Stadtverwaltung an.<br \/>Der Festvortrag \u201eLandwirtschaft \u2013 Forderung von Politik und Gesellschaft\u201c war sicher f\u00fcr viele Anwesende eine Herausforderung: Landwirtschaft ist anerkanntes Kulturgut und Landwirt der \u00e4lteste Beruf der Welt. Seit Menschengedenken wird die Landwirtschaft von der Natur und den technischen M\u00f6glichkeiten gepr\u00e4gt und trotzdem fehlt es an jungen Interessenten f\u00fcr landwirtschaftliche Berufe.<\/p>\n<p>Ich w\u00fcnsche mir, dass sich die Anwesenden nicht von den vielen Informationen und Statistiken bedr\u00fcckt f\u00fchlten, sondern an die Empfehlungen der aktuellen Ausstellungen im Hygiene-Museum denken.<\/p>\n<p>Ingrid H\u00f6hnel<br \/>Die Fotos stammen von Dietmar Held<\/p>\n<p>\u00a0<\/p>\n<div id=\"attachment_28804\" style=\"width: 289px\" class=\"wp-caption alignleft\"><a href=\"https:\/\/senak.inf.tu-dresden.de\/wordpress\/wp-content\/uploads\/2023\/04\/2023-04-17-Eroeffnung-SoSe-2023-scaled-e1682617803600.jpg\"><img aria-describedby=\"caption-attachment-28804\" loading=\"lazy\" class=\"wp-image-28804\" src=\"https:\/\/senak.inf.tu-dresden.de\/wordpress\/wp-content\/uploads\/2023\/04\/2023-04-17-Eroeffnung-SoSe-2023-scaled-e1682617803600-251x300.jpg\" alt=\"Dr. Uwe Bergfeld vom Landesamt f\u00fcr Umwelt, Landwirtschaft, Geologie beim Festvortrag\" width=\"279\" height=\"334\" srcset=\"https:\/\/senak.inf.tu-dresden.de\/wordpress\/wp-content\/uploads\/2023\/04\/2023-04-17-Eroeffnung-SoSe-2023-scaled-e1682617803600-251x300.jpg 251w, https:\/\/senak.inf.tu-dresden.de\/wordpress\/wp-content\/uploads\/2023\/04\/2023-04-17-Eroeffnung-SoSe-2023-scaled-e1682617803600-857x1024.jpg 857w, https:\/\/senak.inf.tu-dresden.de\/wordpress\/wp-content\/uploads\/2023\/04\/2023-04-17-Eroeffnung-SoSe-2023-scaled-e1682617803600-768x918.jpg 768w, https:\/\/senak.inf.tu-dresden.de\/wordpress\/wp-content\/uploads\/2023\/04\/2023-04-17-Eroeffnung-SoSe-2023-scaled-e1682617803600-1285x1536.jpg 1285w, https:\/\/senak.inf.tu-dresden.de\/wordpress\/wp-content\/uploads\/2023\/04\/2023-04-17-Eroeffnung-SoSe-2023-scaled-e1682617803600.jpg 1440w\" sizes=\"(max-width: 279px) 100vw, 279px\" \/><\/a><p id=\"caption-attachment-28804\" class=\"wp-caption-text\">Dr. Uwe Bergfeld beim Festvortrag<\/p><\/div>\n<p>\u00a0<\/p>\n<div id=\"attachment_28803\" style=\"width: 448px\" class=\"wp-caption alignright\"><a href=\"https:\/\/senak.inf.tu-dresden.de\/wordpress\/wp-content\/uploads\/2023\/04\/2023-04-17-Eroeffnung-SoSe-2023-HfM-scaled-e1682617867935.jpg\"><img aria-describedby=\"caption-attachment-28803\" loading=\"lazy\" class=\" wp-image-28803\" src=\"https:\/\/senak.inf.tu-dresden.de\/wordpress\/wp-content\/uploads\/2023\/04\/2023-04-17-Eroeffnung-SoSe-2023-HfM-scaled-e1682617867935-300x229.jpg\" alt=\"Studenten der Musikhochschule Dresden\" width=\"438\" height=\"334\" srcset=\"https:\/\/senak.inf.tu-dresden.de\/wordpress\/wp-content\/uploads\/2023\/04\/2023-04-17-Eroeffnung-SoSe-2023-HfM-scaled-e1682617867935-300x229.jpg 300w, https:\/\/senak.inf.tu-dresden.de\/wordpress\/wp-content\/uploads\/2023\/04\/2023-04-17-Eroeffnung-SoSe-2023-HfM-scaled-e1682617867935-1024x782.jpg 1024w, https:\/\/senak.inf.tu-dresden.de\/wordpress\/wp-content\/uploads\/2023\/04\/2023-04-17-Eroeffnung-SoSe-2023-HfM-scaled-e1682617867935-768x586.jpg 768w, https:\/\/senak.inf.tu-dresden.de\/wordpress\/wp-content\/uploads\/2023\/04\/2023-04-17-Eroeffnung-SoSe-2023-HfM-scaled-e1682617867935-1536x1172.jpg 1536w, https:\/\/senak.inf.tu-dresden.de\/wordpress\/wp-content\/uploads\/2023\/04\/2023-04-17-Eroeffnung-SoSe-2023-HfM-scaled-e1682617867935-2048x1563.jpg 2048w\" sizes=\"(max-width: 438px) 100vw, 438px\" \/><\/a><p id=\"caption-attachment-28803\" class=\"wp-caption-text\">Studenten der Musikhochschule Dresden<\/p><\/div>\n<hr class=\"grey\" \/><table><tr bgcolor=\"#F2F2F2\"><td style=\"border-style:none;\"><\/p>\n<h3><strong>Senioren l\u00fcften das \u201eWaldgeheimnis\u201c<\/strong><\/h3>\n<p><\/td><\/tr><\/table>&nbsp;\n<p>\u00a0<\/p>\n\n\n<div class=\"wp-block-media-text alignwide is-stacked-on-mobile\"><figure class=\"wp-block-media-text__media\"><\/figure><div class=\"wp-block-media-text__content\"><\/div><\/div>\n\n\n\n<figure class=\"wp-block-image\"><img alt=\"\"\/><\/figure>\n\n\n\n<\/p>\n<p>Rundgang durch die aktuelle Ausstellung im Josef-Hegenbarth-Archiv<\/p>\n<p>\n\n\n\n<\/p>\n<p>Drei Meter hoch gr\u00fc\u00dft ein Baum aus dem Vorgarten des Josef-Hegenbarth-Archivs, der dort normalerweise nicht hingeh\u00f6rt. Der \u00fcberdimensionale Digitaldruck von Andreas Kempe stimmt symbolisch auf die aktuelle Ausstellung mit dem Titel \u201eWaldgeheimnis\u201c im Inneren des Hauses ein. Namensgeber ist das\u00a0 Kunstwerk allerdings nicht. Das ist vielmehr eine Skulptur von Robert Dietz (1844 \u2013 1922), die vor nicht allzu langer Zeit vom Ortsverein Loschwitz-Wachwitz direkt neben Hegenbarths Wohn- und Atelierhaus aufgestellt wurde. Als die H\u00f6rerinnen und H\u00f6rer der Dresdner Seniorenakademie am 1. M\u00e4rz zur F\u00fchrung kommen, ruht die dargestellte Flussnixe wohlgesch\u00fctzt vor Wind und Wetter unter einer Holzverkleidung.<\/p>\n<p>\n\n\n<figure class=\"wp-block-gallery columns-2 is-cropped\">\n<ul class=\"blocks-gallery-grid\">\n<li class=\"blocks-gallery-item\">\n<figure><a href=\"https:\/\/senak.inf.tu-dresden.de\/wordpress\/wp-content\/uploads\/2023\/03\/20230301_143032.jpg\"><img loading=\"lazy\" width=\"1024\" height=\"768\" class=\"wp-image-28631\" src=\"https:\/\/senak.inf.tu-dresden.de\/wordpress\/wp-content\/uploads\/2023\/03\/20230301_143032-1024x768.jpg\" alt=\"\" data-id=\"28631\" data-full-url=\"https:\/\/senak.inf.tu-dresden.de\/wordpress\/wp-content\/uploads\/2023\/03\/20230301_143032.jpg\" data-link=\"https:\/\/senak.inf.tu-dresden.de\/wordpress\/?attachment_id=28631\" srcset=\"https:\/\/senak.inf.tu-dresden.de\/wordpress\/wp-content\/uploads\/2023\/03\/20230301_143032-1024x768.jpg 1024w, https:\/\/senak.inf.tu-dresden.de\/wordpress\/wp-content\/uploads\/2023\/03\/20230301_143032-300x225.jpg 300w, https:\/\/senak.inf.tu-dresden.de\/wordpress\/wp-content\/uploads\/2023\/03\/20230301_143032-768x576.jpg 768w, https:\/\/senak.inf.tu-dresden.de\/wordpress\/wp-content\/uploads\/2023\/03\/20230301_143032-1536x1152.jpg 1536w, https:\/\/senak.inf.tu-dresden.de\/wordpress\/wp-content\/uploads\/2023\/03\/20230301_143032.jpg 2000w\" sizes=\"(max-width: 1024px) 100vw, 1024px\" \/><\/a><figcaption class=\"blocks-gallery-item__caption\">Leuchtmoos von Andreas Kempe<\/figcaption><\/figure>\n<\/li>\n<li class=\"blocks-gallery-item\">\n<figure><a href=\"https:\/\/senak.inf.tu-dresden.de\/wordpress\/wp-content\/uploads\/2023\/03\/20230301_143520.jpg\"><img loading=\"lazy\" width=\"1024\" height=\"768\" class=\"wp-image-28621\" src=\"https:\/\/senak.inf.tu-dresden.de\/wordpress\/wp-content\/uploads\/2023\/03\/20230301_143520-1024x768.jpg\" alt=\"\" data-id=\"28621\" data-full-url=\"https:\/\/senak.inf.tu-dresden.de\/wordpress\/wp-content\/uploads\/2023\/03\/20230301_143520.jpg\" data-link=\"https:\/\/senak.inf.tu-dresden.de\/wordpress\/?attachment_id=28621\" srcset=\"https:\/\/senak.inf.tu-dresden.de\/wordpress\/wp-content\/uploads\/2023\/03\/20230301_143520-1024x768.jpg 1024w, https:\/\/senak.inf.tu-dresden.de\/wordpress\/wp-content\/uploads\/2023\/03\/20230301_143520-300x225.jpg 300w, https:\/\/senak.inf.tu-dresden.de\/wordpress\/wp-content\/uploads\/2023\/03\/20230301_143520-768x576.jpg 768w, https:\/\/senak.inf.tu-dresden.de\/wordpress\/wp-content\/uploads\/2023\/03\/20230301_143520-1536x1152.jpg 1536w, https:\/\/senak.inf.tu-dresden.de\/wordpress\/wp-content\/uploads\/2023\/03\/20230301_143520.jpg 2000w\" sizes=\"(max-width: 1024px) 100vw, 1024px\" \/><\/a><p><\/p>\n<figcaption class=\"blocks-gallery-item__caption\">F\u00fchrung im Josef-Hegenbarth-Museum<\/figcaption>\n<\/figure>\n<\/li>\n<\/ul>\n<\/figure>\n\n\n<\/p>\n<p>Drei K\u00fcnstler der Gegenwart lie\u00dfen sich von Pflanzen-, Tier- und Naturzeichnungen des Dresdner Grafikers und Illustrators inspirieren. In ihrem Gemeinschaftsprojekt stellen Elise Beutner (1991), Sylvia P\u00e1sztor (1985) und Andreas Kempe (1972) nun ihre k\u00fcnstlerischen Ergebnisse zu dem Thema aus. In jedem der drei R\u00e4ume, durch die der Dresdner K\u00fcnstler Thomas Baumhekel die Seniorstudenten f\u00fchrt, ist der Hausherr vertreten. Vor seinem \u201eB\u00f6hmischen Urwald\u201c stimmen sich die Teilnehmer auf den Rundgang ein. Diesig, sehr zur\u00fcckhaltend, wie in Nebel geh\u00fcllt, so zeichnete ihn Josef Hegenbarth in Tusche nach ostasiatischem Vorbild. Kr\u00e4ftiger zeigen sich bei ihm beispielsweise Eulen und Greifv\u00f6gel.<\/p>\n<p>\n\n\n\n<\/p>\n<p>Zuerst schauen sich die H\u00f6rerinnen und H\u00f6rer der Seniorenakademie bei Andreas Kempe um. Sie sind begeistert von dessen Arbeiten. Aus Naturprodukten \u2013 vorrangig aus Leuchtmoosen &#8211; gestaltet der K\u00fcnstler Digitaldrucke. Sonderbare, filigrane Bilder pr\u00e4sentieren sich dem Betrachter.<\/p>\n<p>\n\n\n\n<\/p>\n<figure class=\"wp-block-gallery columns-3 is-cropped\">\n<ul class=\"blocks-gallery-grid\">\n<li class=\"blocks-gallery-item\">\n<figure><a href=\"https:\/\/senak.inf.tu-dresden.de\/wordpress\/wp-content\/uploads\/2023\/03\/20230301_140919.jpg\"><img loading=\"lazy\" width=\"1024\" height=\"711\" class=\"wp-image-28630\" src=\"https:\/\/senak.inf.tu-dresden.de\/wordpress\/wp-content\/uploads\/2023\/03\/20230301_140919-1024x711.jpg\" alt=\"\" data-id=\"28630\" data-full-url=\"https:\/\/senak.inf.tu-dresden.de\/wordpress\/wp-content\/uploads\/2023\/03\/20230301_140919.jpg\" data-link=\"https:\/\/senak.inf.tu-dresden.de\/wordpress\/?attachment_id=28630\" srcset=\"https:\/\/senak.inf.tu-dresden.de\/wordpress\/wp-content\/uploads\/2023\/03\/20230301_140919-1024x711.jpg 1024w, https:\/\/senak.inf.tu-dresden.de\/wordpress\/wp-content\/uploads\/2023\/03\/20230301_140919-300x208.jpg 300w, https:\/\/senak.inf.tu-dresden.de\/wordpress\/wp-content\/uploads\/2023\/03\/20230301_140919-768x534.jpg 768w, https:\/\/senak.inf.tu-dresden.de\/wordpress\/wp-content\/uploads\/2023\/03\/20230301_140919-1536x1067.jpg 1536w, https:\/\/senak.inf.tu-dresden.de\/wordpress\/wp-content\/uploads\/2023\/03\/20230301_140919.jpg 1939w\" sizes=\"(max-width: 1024px) 100vw, 1024px\" \/><\/a>\n<figcaption class=\"blocks-gallery-item__caption\">Waldbild von Josef Hegenbarth<\/figcaption>\n<\/figure>\n<\/li>\n<li class=\"blocks-gallery-item\">\n<figure><a href=\"https:\/\/senak.inf.tu-dresden.de\/wordpress\/wp-content\/uploads\/2023\/03\/20230301_144209.jpg\"><img loading=\"lazy\" width=\"1024\" height=\"909\" class=\"wp-image-28629\" src=\"https:\/\/senak.inf.tu-dresden.de\/wordpress\/wp-content\/uploads\/2023\/03\/20230301_144209-1024x909.jpg\" alt=\"\" data-id=\"28629\" data-full-url=\"https:\/\/senak.inf.tu-dresden.de\/wordpress\/wp-content\/uploads\/2023\/03\/20230301_144209.jpg\" data-link=\"https:\/\/senak.inf.tu-dresden.de\/wordpress\/?attachment_id=28629\" srcset=\"https:\/\/senak.inf.tu-dresden.de\/wordpress\/wp-content\/uploads\/2023\/03\/20230301_144209-1024x909.jpg 1024w, https:\/\/senak.inf.tu-dresden.de\/wordpress\/wp-content\/uploads\/2023\/03\/20230301_144209-300x266.jpg 300w, https:\/\/senak.inf.tu-dresden.de\/wordpress\/wp-content\/uploads\/2023\/03\/20230301_144209-768x682.jpg 768w, https:\/\/senak.inf.tu-dresden.de\/wordpress\/wp-content\/uploads\/2023\/03\/20230301_144209.jpg 1500w\" sizes=\"(max-width: 1024px) 100vw, 1024px\" \/><\/a>\n<figcaption class=\"blocks-gallery-item__caption\">Siebdruck von Elise Beutner<\/figcaption>\n<\/figure>\n<\/li>\n<li class=\"blocks-gallery-item\">\n<figure><a href=\"https:\/\/senak.inf.tu-dresden.de\/wordpress\/wp-content\/uploads\/2023\/03\/20230301_143606.jpg\"><img loading=\"lazy\" width=\"1024\" height=\"768\" class=\"wp-image-28628\" src=\"https:\/\/senak.inf.tu-dresden.de\/wordpress\/wp-content\/uploads\/2023\/03\/20230301_143606-1024x768.jpg\" alt=\"\" data-id=\"28628\" data-full-url=\"https:\/\/senak.inf.tu-dresden.de\/wordpress\/wp-content\/uploads\/2023\/03\/20230301_143606.jpg\" data-link=\"https:\/\/senak.inf.tu-dresden.de\/wordpress\/?attachment_id=28628\" srcset=\"https:\/\/senak.inf.tu-dresden.de\/wordpress\/wp-content\/uploads\/2023\/03\/20230301_143606-1024x768.jpg 1024w, https:\/\/senak.inf.tu-dresden.de\/wordpress\/wp-content\/uploads\/2023\/03\/20230301_143606-300x225.jpg 300w, https:\/\/senak.inf.tu-dresden.de\/wordpress\/wp-content\/uploads\/2023\/03\/20230301_143606-768x576.jpg 768w, https:\/\/senak.inf.tu-dresden.de\/wordpress\/wp-content\/uploads\/2023\/03\/20230301_143606-1536x1152.jpg 1536w, https:\/\/senak.inf.tu-dresden.de\/wordpress\/wp-content\/uploads\/2023\/03\/20230301_143606.jpg 2000w\" sizes=\"(max-width: 1024px) 100vw, 1024px\" \/><\/a>\n<figcaption class=\"blocks-gallery-item__caption\">Wandbild Alle V\u00f6gel sind schon da von Sylvia Pasztor<\/figcaption>\n<\/figure>\n<\/li>\n<\/ul>\n<\/figure>\n<p>\n\n\n\n<\/p>\n<p>Nebenan sind die Pferde los \u2013 das beliebte Motiv von Sylvia P\u00e1sztor. Gleich mehrere Tuschezeichnungen hat sie in der Serie \u201eUrwild\u201c ausgestellt. Ihr originellstes St\u00fcck ist eine Wandmalerei mit B\u00e4umen und V\u00f6geln. Die R\u00e4ume sollen renoviert werden. \u201eDoch das kann warten, und Sylvia P\u00e1sztor hat den freien Platz wunderbar genutzt\u201c, sagt Thomas Baumhekel. Die Seniorinnen und Senioren sehen das\u00a0 genauso und bleiben recht lange vor dem Naturbild stehen.<\/p>\n<p>\n\n\n\n<p><\/p>\n\n\n\n<\/p>\n<p><em>Die Waldgeheimnisse sind bis 23. April 2023 im Josef-Hegenbarth-Archiv, Calberlastra\u00dfe 2, 01326 Dresden, zu sehen. \u00a0\u00a0\u00a0\u00a0<\/em><\/p>\n<p>\n\n\n<p><\/p>\n<hr class=\"grey\" \/><table><tr bgcolor=\"#F2F2F2\"><td style=\"border-style:none;\"><\/p>\n<h2><strong>Adventssingen mit<\/strong>&nbsp;Orgelkl\u00e4ngen<\/h2>\n<p><\/td><\/tr><\/table>&nbsp;\n<p>Die Nacht zuvor hat es geschneit. So empf\u00e4ngt die Vers\u00f6hnungskirche auf der Schandauer Stra\u00dfe die H\u00f6rerinnen und H\u00f6rer der Seniorenakademie zum traditionellen Weihnachtsliedersingen ganz in winterlichem Wei\u00df. Mit Orgel- und Trompetenkl\u00e4ngen stimmen Kirchenmusikdirektor Hans-Dieter Sch\u00f6ne und sein Sohn Sebastian Sch\u00f6ne auf eine besinnliche Stunde im Advent ein. Bevor die K\u00f6nigin der Instrumente und der \u201eChor\u201c der Senioren das Zepter \u00fcbernehmen, stellt Hans-Dieter Sch\u00f6ne kurz die Orgel vor. Die sp\u00e4tromantische Orgel wurde von Johannes Jahn 1909 fertiggestellt. Nach einem Umbau im Jahr 1939 durch Eule wurde die Orgel 2008\u20132011 durch Scheffler in mehreren Bauabschnitten teilweise dem Originalzustand angen\u00e4hert.<\/p>\n<p>Weihnachtliche Weisen erklingen in verschiedenen Kompositionen und&nbsp; zeigen so die Klangwelt des Instruments. Die Orgel ist an diesem Vormittag nicht nur Alleinunterhalter, sondern auch Begleiterin f\u00fcr die Frauen und M\u00e4nner auf der Kirchenempore. \u201eEs ist ein Ros entsprungen\u201c, \u201eOh die Fr\u00f6hliche\u201c, \u201eStille Nacht, heilige Nacht\u201c und andere bekannte Weihnachtslieder werden gesungen. F\u00fcr Textsicherheit sorgt eine Liedersammlung der Kirchgemeinde, die mit einigen Stimmen den Gesang bereichert. Es stellt sich ein Gef\u00fchle der Besinnlichkeit ein: Drau\u00dfen ist es kalt, in der Kirche k\u00fchl und in den Herzen warm. &nbsp;<em>Gudrun Buhrig<\/em><\/p>\n<p><img loading=\"lazy\" class=\"\" src=\"https:\/\/senak.inf.tu-dresden.de\/wordpress\/wp-content\/uploads\/2022\/12\/DSCF1224-2-scaled.jpg\" width=\"163\" height=\"293\">&nbsp; <img loading=\"lazy\" class=\"\" src=\"https:\/\/senak.inf.tu-dresden.de\/wordpress\/wp-content\/uploads\/2022\/12\/DSCF1223-scaled.jpg\" width=\"197\" height=\"296\"> <img loading=\"lazy\" class=\"\" src=\"https:\/\/senak.inf.tu-dresden.de\/wordpress\/wp-content\/uploads\/2022\/12\/DSCF1219-scaled.jpg\" width=\"198\" height=\"296\"><\/p>\n<p><\/p>\n<hr class=\"grey\" \/><table><tr bgcolor=\"#F2F2F2\"><td style=\"border-style:none;\"><\/p>\n<h2><strong>Mit dem Smartphone auf Du und Du<\/strong><br><strong>Wie sich Anf\u00e4nger mit der digitalen Technik vertraut machen<\/strong><\/h2>\n<p><\/td><\/tr><\/table>&nbsp;\n<p>Die digitale Welt ist f\u00fcr j\u00fcngere Generationen gelebter Alltag, das Smartphone ein st\u00e4ndiger Begleiter und die Bedienung kinderleicht. Schaffen sich hingegen \u00c4ltere einen solchen tragbaren Mini-Computer an, ist guter Rat bei der Handhabung oft teuer. Was tun, wenn Kinder und Enkel nicht greifbar sind oder keine Geduld f\u00fcr Erkl\u00e4rungen haben? Die Dresdner Seniorenakademie springt ein und bietet digitale Bildung f\u00fcr den Alltag sowohl im H\u00f6rsaal als auch als auf Online Veranstaltungen an.<br>Ganz individuell im kleinen Kreis gibt es auf einem DSA-Workshop f\u00fcr Anf\u00e4nger Rat und Hilfe. Zw\u00f6lf H\u00f6rerinnen und H\u00f6rer &nbsp;trafen sich im Oktober und November an f\u00fcnf Terminen im Medienkulturzentrum.<br>&nbsp;Wie speichere ich Kontakte im Telefonverzeichnis? Wie schreibe und verschicke ich eine SMS? Wie bekomme ich Termine in meinen Kalender? Das trainieren sie an ihrem Smartphone. Und vieles mehr. Mit viel Geduld erkl\u00e4ren die \u201eTechnikbotschafter\u201c vom Team Online, was Smartphones so alles k\u00f6nnen und wie sie bedient werden. Jede Frage wird verst\u00e4ndlich beantwortet. Besonders hervorzuheben, darin sind sich die Teilnehmer einig, ist die ganz individuelle Zuwendung zu jedem Einzelnen, wenn dieser nicht sofort mit dem Vorgang zurechtkommt. Dieser Kurs war f\u00fcr alle ein Zugewinn und hat mehr Sicherheit beim Umgang mit dem Smartphone gebracht.<\/p>\n<p>Herzlichen Dank an Uta L\u00f6ser, Karin K\u00f6ntges, Thomas Reuter, Wolfgang Hoffmann und Helmut Lutzmann, Technikbotschafter vom Team Online.<\/p>\n<p><strong>Das sagen Teilnehmer:<\/strong> <br><u>Jochen Kummer:<\/u> Das Smartphone habe ich mir erst k\u00fcrzlich gekauft und hatte bisher keine Ahnung. Der Kurs hat mir viel gebracht. Jetzt kann ich das f\u00fcr mich N\u00f6tigste. Nach und nach werde ich zu Hause mich beispielsweise mit einer App nach der&nbsp; anderen vertraut machen. Gut w\u00e4re es, wenn eine n\u00e4chste Veranstaltung sich mit dem Fotografieren besch\u00e4ftigt.<\/p>\n<p><u>Hannelore L\u00fcderitz:<\/u> Langsam komme ich mit dem Smartphone klar. Das ist f\u00fcr mich eine Erleichterung, denn vor dem Workshop habe ich fast gar nichts gewusst. Besonders gut finde ich, dass wir praktisch \u00fcben konnten. Gut auch, dass wir Informationsmaterial und schriftliche Handhabungen zum Nachlesen bekommen haben. Die Frauen und M\u00e4nner, die uns hier betreuen, machen das alles in ihrer freien Zeit. Danke.<\/p>\n<p><u>Katrin Mauersberger:<\/u> Einiges war mir vorher bekannt. Ich habe aber dennoch viel dazu gelernt. Die individuelle Betreuung und die vielen Fragen, die sofort beantwortet werden, sind f\u00fcr den Einzelnen gut. Allerdings ist es f\u00fcr die Gruppe und die Dozenten schwer, den Faden nicht&nbsp; zu verlieren. F\u00fcr eine solche Einzelbetreuung ist die Gruppe vielleicht zu gro\u00df.<\/p>\n<p><strong>Das sagen die Veranstalter:<\/strong><br>Der Bedarf unserer H\u00f6rerinnen und H\u00f6rer ist sehr gro\u00df. Es gibt eine Warteliste. Wir werden im Januar\/Februar weitere Kurse anbieten. Voraussichtlich werden wir auch im Sommersemester unseren Grundkurs weiterf\u00fchren.&nbsp;&nbsp;&nbsp;&nbsp;&nbsp;&nbsp; &nbsp;&nbsp;&nbsp;&nbsp;&nbsp;&nbsp;&nbsp;&nbsp;&nbsp;&nbsp;&nbsp;<em>Gudrun Buhrig&nbsp; <\/em><\/p>\n<p><img loading=\"lazy\" class=\"alignleft\" src=\"https:\/\/senak.inf.tu-dresden.de\/wordpress\/wp-content\/uploads\/2022\/12\/2022_11_23.-Grundkurs-Smartphone-Team-Online-5-scaled.jpg\" width=\"268\" height=\"151\">&nbsp; <img loading=\"lazy\" class=\"alignright\" src=\"https:\/\/senak.inf.tu-dresden.de\/wordpress\/wp-content\/uploads\/2022\/12\/2022_11_23.-Grundkurs-Smartphone-Team-Online-4-scaled.jpg\" alt=\"\" width=\"267\" height=\"150\"><\/p>\n<p><\/p>\n<h3>&nbsp;<\/h3>\n<p><\/p>\n<h3>&nbsp;<\/h3>\n<h2><hr class=\"grey\" \/><table><tr bgcolor=\"#F2F2F2\"><td style=\"border-style:none;\"><br><strong>Besichtigung der Verkehrsleitzentrale der Dresdner Verkehrsbetriebe<br><\/strong><\/td><\/tr><\/table>&nbsp;<\/h2>\n<p>Am 1. November konnten wir die Verkehrsleitzentrale der DVB im Stadtteil Trachenberge auf dem Gel\u00e4nde des Betriebshofes besichtigen. Dort sind mehrere Mitarbeiter rund um die Uhr im Dienst, um den Verkehrsfluss zu \u00fcberwachen.<\/p>\n<div id=\"attachment_27767\" style=\"width: 460px\" class=\"wp-caption alignright\"><a href=\"https:\/\/senak.inf.tu-dresden.de\/wordpress\/wp-content\/uploads\/2022\/11\/DVB-1-scaled.jpg\"><img aria-describedby=\"caption-attachment-27767\" loading=\"lazy\" class=\"wp-image-27767\" src=\"https:\/\/senak.inf.tu-dresden.de\/wordpress\/wp-content\/uploads\/2022\/11\/DVB-1-300x169.jpg\" alt=\"\" width=\"450\" height=\"253\" srcset=\"https:\/\/senak.inf.tu-dresden.de\/wordpress\/wp-content\/uploads\/2022\/11\/DVB-1-300x169.jpg 300w, https:\/\/senak.inf.tu-dresden.de\/wordpress\/wp-content\/uploads\/2022\/11\/DVB-1-1024x575.jpg 1024w, https:\/\/senak.inf.tu-dresden.de\/wordpress\/wp-content\/uploads\/2022\/11\/DVB-1-768x432.jpg 768w, https:\/\/senak.inf.tu-dresden.de\/wordpress\/wp-content\/uploads\/2022\/11\/DVB-1-1536x863.jpg 1536w, https:\/\/senak.inf.tu-dresden.de\/wordpress\/wp-content\/uploads\/2022\/11\/DVB-1-2048x1151.jpg 2048w\" sizes=\"(max-width: 450px) 100vw, 450px\" \/><\/a><p id=\"caption-attachment-27767\" class=\"wp-caption-text\">Verkehrsleitzentrale DVB<\/p><\/div>\n<p>Herzst\u00fcck der Verkehrsleitzentrale ist der gro\u00dfe Wandbildschirm mit dem 500 km umfassenden Streckennetz. Ziel ist die Standortverfolgung der Fahrzeuge. Damit besteht die M\u00f6glichkeit, bei notwendigen Umleitungen die Fahrer zu informieren und ihnen die neue Route zu \u00fcbermitteln. F\u00fcr gr\u00f6\u00dfere Unterbrechungen im Schienenverkehr stehen au\u00dferdem Busse f\u00fcr den Ersatzverkehr in Bereitschaft.<\/p>\n<p>Am Tag gehen ca. 800 \u2013 2000 Ereignisse in der Verkehrszentrale ein, die zu bearbeiten sind. Alle 15 Sekunden erfolgt ein Datenaustausch mit den Fahrzeugen. Ist ein Fahrzeug zu schnell, bekommt der Fahrer eine Information, den Fahrplan einzuhalten.<\/p>\n<p>An den meisten Haltestellen erh\u00e4lt der Fahrgast an den elektronischen Anzeigetafeln Informationen,wann sein Fahrzeug kommt.<\/p>\n<p>Die DVB garantieren mit der Arbeit dieser Verkehrsleitzentrale einen stabilen Verkehr f\u00fcr die Dresdner.<\/p>\n<p>Dietmar Held<\/p>\n<hr class=\"grey\" \/><table><tr bgcolor=\"#F2F2F2\"><td style=\"border-style:none;\"><\/p>\n<h2><strong>Er\u00f6ffnung des Wintersemesters 2022\/23<br><\/strong><strong>Bildung baut Br\u00fccken<\/strong><\/h2>\n<p><\/td><\/tr><\/table>&nbsp;\n<h3>&nbsp;<\/h3>\n<p><em>Von der festlichen Er\u00f6ffnung des Wintersemesters 2022\/23 berichtet<\/em><\/p>\n<p>Auf einem langen Tisch im Foyer vorm gro\u00dfen Saal des Hygienemuseums reiht sich Br\u00fccke an Br\u00fccke. Die Augustusbr\u00fccke liegt neben der Nossener, das Blaue Wunder neben der Fahrradbr\u00fccke in Pieschen, die Albert- neben der Marienbr\u00fccke. Festgehalten sind sie farbenfroh oder in Schwarz-Wei\u00df von der Malgruppe Merbitz. Die Aquarelle, Kohlezeichnungen und Pastelle entstehen w\u00e4hrend der Corona Zeit, als die monatlichen Treffen der IG nur im Freien stattfinden k\u00f6nnen.<\/p>\n<p>Br\u00fccken. Als die Hobbymalerinnen und&nbsp; Hobbymaler diese Ausstellung f\u00fcr die feierliche Er\u00f6ffnung des Wintersemesters 2022\/2023 der Dresdner Seniorenakademie f\u00fcr den 10. Oktober vorbereiten, ahnen sie sicher nicht, wie gut ihr Thema zum Festvortrag passt.<\/p>\n<div style=\"width: 267px\" class=\"wp-caption alignleft\"><img loading=\"lazy\" class=\"\" src=\"https:\/\/senak.inf.tu-dresden.de\/wordpress\/wp-content\/uploads\/2022\/10\/DSCF6183-scaled.jpg\" alt=\"\" width=\"257\" height=\"457\"><p class=\"wp-caption-text\">\u201eDr. Matthias R\u00f6\u00dfler, Pr\u00e4sident des S\u00e4chsischen Landtags, h\u00e4lt die Festrede.\u201c<\/p><\/div>\n<p>Dr. Matthias R\u00f6\u00dfler spricht zum Thema &nbsp;\u201eJung und Alt gemeinsam \u2013 Gesellschaftlicher Zusammenhalt in Sachsen\u201c. Der Pr\u00e4sident des S\u00e4chsischen Landtages beschreibt die unterschiedlichen Sichten&nbsp; &#8211; die verschiedenen Ufer sozusagen &#8211; der jungen und der \u00e4lteren Generation im gesellschaftlichen Alltag: Die einen beklagen, dass die Jugend, sich nicht ausreichend um die Senioren k\u00fcmmert. Die anderen fragen sich angesichts der gegenw\u00e4rtigen Krisenbelastungen, ob ihre Rente k\u00fcnftig &nbsp;\u00fcberhaupt sicher ist. \u201eDer Generationsvertrag ist eine Schieflage geraten\u201c, res\u00fcmiert der Festredner. F\u00fcr ein intaktes Allgemeinwesen und eine funktionierende Demokratie sei aber der Zusammenhalt zwischen Alt und Jung von entscheidender Bedeutung. Und Matthias R\u00f6\u00dfler r\u00e4t, gegenseitig Br\u00fccken zu schlagen. Bildung und &nbsp;Wissen k\u00f6nnen dabei wichtige Bausteine sein und&nbsp; zum Verstehen der jeweils anderen Altersklasse &nbsp;entscheidend beitragen. \u201eDie Dresdner Seniorenakademie hat daf\u00fcr optimale Voraussetzungen.\u201c<\/p>\n<p>Anerkennende Worte \u00fcber das Bildungsangebot finden die \u00dcberbringer von Gru\u00dfworten an die rund 200 H\u00f6rerinnen und H\u00f6rer im Saal. \u201eMit \u00fcber 100 Vorlesungen aus 9 Fakult\u00e4ten ist die Technische Universit\u00e4t im Wintersemester vertreten\u201c, so Prof. Dr. Michael Kobel, Prorektor f\u00fcr Bildung der TU Dresden. F\u00fcr ihn baut die Wissenschaft Br\u00fccken zwischen Alt und Jung, beispielsweise, wenn reifere Senior- neben und jungen Lehramtsstudenten im H\u00f6rsaal sitzen.<\/p>\n<p>Mit Strickjacke statt Jackett tritt Jan Donhauser ans Rednerpult. Die Raumtemperaturen von 19 Grad im Rathaus veranlassen den Bildungsb\u00fcrgermeister von Dresden, sich auf warme Garderobe umzustellen. &nbsp;Er \u00fcberbringt die Gr\u00fc\u00dfe des Oberb\u00fcrgermeisters und sch\u00e4tzt das Engagement der Seniorenakademie in Stadtgremien. Dabei geht es aktuell um &nbsp;M\u00f6glichkeiten &nbsp;&#8211; um \u201eBr\u00fccken\u201c &#8211; &nbsp;also wie verschiedene Bildungsangebote f\u00fcr Senioren in der Stadt vernetzt werden k\u00f6nnen. Jan Donhauser ermuntert die H\u00f6rerinnen und H\u00f6rer ihre Vorstellungen zur Verbesserung der Teilhabe \u00c4lterer am gesellschaftlichen Leben einzubringen. \u201eIdeen sind herzlich willkommen.\u201c<\/p>\n<p>Dr. Susanne Illmer \u00fcberbringt die Gr\u00fc\u00dfe der Leitung des Hygienemuseums Dresden. Sie sei beeindruckt, wie aktuell und zeitgem\u00e4\u00df das Programm des Wintersemesters der DSA ist. Ob Energiewirtschaft, Klimawandel, Inflation \u2013 in der Seniorenakademie k\u00f6nnen H\u00f6rerinnen und H\u00f6rer Wissen zu den brennenden Fragen der Zeit erwerben. Sich den sch\u00f6nen Dingen des Lebens zu widmen, &nbsp;auch daf\u00fcr bietet das Wintersemester-Bildungsprogramm ausreichend Raum. Die Seniorenakademie, so Susanne Illmer;&nbsp; werde ihrem Informations- und Aufkl\u00e4rungsauftrag gerecht.<\/p>\n<p><img loading=\"lazy\" class=\"alignleft\" src=\"https:\/\/senak.inf.tu-dresden.de\/wordpress\/wp-content\/uploads\/2022\/10\/DSCF6154-scaled.jpg\" width=\"347\" height=\"195\"><\/p>\n<p>Traditionell umrahmen Studierende der Hochschule f\u00fcr Musik Carl Maria von Weber die feierlichen Semesterer\u00f6ffnungen. Mit schwungvollen, ausdrucksstarken, auch leisen, nachdenklichen Fantasien von Alexander Skrjabin und Robert Schumann &nbsp;bereichert&nbsp; der <strong>Pianist Jihak Oh<\/strong> als musikalische Br\u00fccken die Veranstaltung.<\/p>\n<hr>\n<p>\u201eJeder, der aufh\u00f6rt zu lernen, ist alt, mag er 20 oder 80&nbsp; Jahre z\u00e4hlen. Jeder, der weiterlernt, ist jung, mag er 20 oder 80 Jahre z\u00e4hlen\u201c&nbsp; &nbsp;Mit den Worten von dem &nbsp;Industriellen Henry Ford (1863 \u2013 1947) baut Dieter Seyfarth eine Gedankenbr\u00fccke zur Seniorenakademie. Der Vorsitzende des Vereins Freunde und F\u00f6rderer der Dresdner Seniorenakademie Wissenschaft und Kunst unterstreicht das Recht auf Bildung f\u00fcr alle Altersgruppen und versichert den H\u00f6rerinnen und H\u00f6rer, dass sie sich weiterhin auf anspruchsvolle und vielseitige Bildungsangebote freuen k\u00f6nnen. In diesem Sinne er\u00f6ffnet er das Wintersemester 2022\/23.<\/p>\n<p>Redaktion: Gudrun Buhrig<\/p>\n<p><!--[ab_grau]\n\n\n\n\n\n\n\n\n\n\n\n\n\n\n\n\n\n\n\n\n\n\n\n\n\n\n\n\n\n\n\n\n\n\n\n\n\n\n\n\n\n\n\n\n\n\n\n\n\n\n\n\n\n\n\n\n\n\n\n\n\n\n\n\n\n\n\n\n\n\n\n\n\n\n\n\n\n\n\n\n\n\n\n\n\n\n\n\n\n\n\n\n\n\n\n\n\n\n\n\n\n\n\n\n\n\n\n\n\n\n\n\n\n\n\n\n\n\n\n\n\n\n\n\n\n\n\n\n\n\n\n\n\n\n\n\n\n\n\n\n\n\n\n\n\n\n\n\n\n\n\n\n\n\n\n\n\n\n\n\n\n\n\n\n\n\n\n\n\n\n\n\n\n\n\n\n\n\n\n\n\n\n\n\n\n\n\n\n\n\n\n\n\n\n\n\n\n\n\n\n\n\n\n\n\n\n\n\n\n\n\n\n\n\n\n\n\n\n\n\n\n\n\n\n\n\n\n\n\n\n\n\n\n\n\n\n\n\n\n\n\n\n\n\n\n\n\n\n\n\n\n\n\n\n\n\n\n\n\n\n\n\n\n\n\n\n\n\n\n\n\n\n\n\n\n\n\n\n\n\n\n\n\n\n\n\n\n\n\n\n\n\n\n\n\n\n\n\n\n\n\n\n\n\n\n\n\n\n\n\n\n\n\n\n\n\n\n\n\n\n\n\n\n\n\n\n\n\n\n\n\n\n\n\n\n\n\n\n\n\n\n\n\n\n\n\n\n\n\n\n\n\n\n\n\n\n\n\n\n\n\n\n\n\n\n\n\n\n\n\n\n\n\n\n\n\n\n\n\n\n\n\n\n\n\n\n\n\n\n\n\n\n\n\n\n\n\n\n\n\n\n\n\n\n\n\n\n\n\n\n\n\n\n\n\n\n\n\n\n\n\n\n\n\n\n\n\n\n\n\n\n\n\n\n\n\n\n\n\n\n\n\n\n\n\n\n\n\n\n\n\n\n\n\n\n\n\n\n\n\n\n\n<h3>F\u00fchrung in der S\u00e4chsischen Staatskanzlei<\/h3>\n\n\n\n\n\n\n\n\n\n\n\n\n\n\n\n\n\n\n\n\n\n\n\n\n\n\n\n\n\n\n\n\n\n\n\n\n\n\n\n\n\n\n\n\n\n\n\n\n\n\n\n\n\n\n\n\n\n\n\n\n\n\n\n\n\n\n\n\n\n\n\n\n\n\n\n\n\n\n\n\n\n\n\n\n\n\n\n\n\n\n\n\n\n\n\n\n\n\n\n\n\n\n\n\n\n\n\n\n\n\n\n\n\n\n\n\n\n\n\n\n\n\n\n\n\n\n\n\n\n\n\n\n\n\n\n\n\n\n\n\n\n\n\n\n\n\n\n\n\n\n\n\n\n\n\n\n\n\n\n\n\n\n\n\n\n\n\n\n\n\n\n\n\n\n\n\n\n\n\n\n\n\n\n\n\n\n\n\n\n\n\n\n\n\n\n\n\n\n\n\n\n\n\n\n\n\n\n\n\n\n\n\n\n\n\n\n\n\n\n\n\n\n\n\n\n\n\n\n\n\n\n\n\n\n\n\n\n\n\n\n\n\n\n\n\n\n\n\n\n\n\n\n\n\n\n\n\n\n\n\n\n\n\n\n\n\n\n\n\n\n\n\n\n\n\n\n\n\n\n\n\n\n\n\n\n\n\n\n\n\n\n\n\n\n\n\n\n\n\n\n\n\n\n\n\n\n\n\n\n\n\n\n\n\n\n\n\n\n\n\n\n\n\n\n\n\n\n\n\n\n\n\n\n\n\n\n\n\n\n\n\n\n\n\n\n\n\n\n\n\n\n\n\n\n\n\n\n\n\n\n\n\n\n\n\n\n\n\n\n\n\n\n\n\n\n\n\n\n\n\n\n\n\n\n\n\n\n\n\n\n\n\n\n\n\n\n\n\n\n\n\n\n\n\n\n\n\n\n\n\n\n\n\n\n\n\n\n\n\n\n\n\n\n\n\n\n\n\n\n\n\n\n\n\n\n\n\n\n\n\n\n\n\n\n\n\n\n\n\n\n\n\n\n\n\n\n\n\n\n\n\n\n[\/ab_grau]--><\/p>\n<div style=\"width: 295px\" class=\"wp-caption alignleft\"><img loading=\"lazy\" class=\"\" src=\"https:\/\/senak.inf.tu-dresden.de\/wordpress\/wp-content\/uploads\/2022\/10\/DSCF6185-scaled.jpg\" alt=\"\" width=\"285\" height=\"160\"><p class=\"wp-caption-text\">\u201eBr\u00fccken waren ein Thema der Malgruppe Merbitz in Corona Zeiten.\u201c<\/p><\/div>\n<div style=\"width: 294px\" class=\"wp-caption alignright\"><img loading=\"lazy\" class=\"\" src=\"https:\/\/senak.inf.tu-dresden.de\/wordpress\/wp-content\/uploads\/2022\/10\/DSCF6143-scaled.jpg\" alt=\"\" width=\"284\" height=\"160\"><p class=\"wp-caption-text\">\u201eReges Interesse f\u00fcr die Werke der Mitglieder der Malgruppe Merbitz.\u201c Fotos Dietmar Held<\/p><\/div>\n<p><!--[ab_gelb]\n\n\n\n\n\n\n\n\n\n\n\n\n\n\n\n\n\n\n\n\n\n\n\n\n\n\n\n\n\n\n\n\n\n\n\n\n\n\n\n\n\n\n\n\n\n\n\n\n\n\n\n\n\n\n\n\n\n\n\n\n\n\n\n\n\n\n\n\n\n\n\n\n\n\n\n\n\n\n\n\n\n\n\n\n\n\n\n\n\n\n\n\n\n\n\n\n\n\n\n\n\n\n\n\n\n\n\n\n\n\n\n\n\n\n\n\n\n\n\n\n\n\n\n\n\n\n\n\n\n\n\n\n\n\n\n\n\n\n\n\n\n\n\n\n\n\n\n\n\n\n\n\n\n\n\n\n\n\n\n\n\n\n\n\n\n\n\n\n\n\n\n\n\n\n\n\n\n\n\n\n\n\n\n\n\n\n\n\n\n\n\n\n\n\n\n\n\n\n\n\n\n\n\n\n\n\n\n\n\n\n\n\n\n\n\n\n\n\n\n\n\n\n\n\n\n\n\n\n\n\n\n\n\n\n\n\n\n\n\n\n\n\n\n\n\n\n\n\n\n\n\n\n\n\n\n\n\n\n\n\n\n\n\n\n\n\n\n\n\n\n\n\n\n\n\n\n\n\n\n\n\n\n\n\n\n\n\n\n\n\n\n\n\n\n\n\n\n\n\n\n\n\n\n\n\n\n\n\n\n\n\n\n\n\n\n\n\n\n\n\n\n\n\n\n\n\n\n\n\n\n\n\n\n\n\n\n\n\n\n\n\n\n\n\n\n\n\n\n\n\n\n\n\n\n\n\n\n\n\n\n\n\n\n\n\n\n\n\n\n\n\n\n\n\n\n\n\n\n\n\n\n\n\n\n\n\n\n\n\n\n\n\n\n\n\n\n\n\n\n\n\n\n\n\n\n\n\n\n\n\n\n\n\n\n\n\n\n\n\n\n\n\n\n\n\n\n\n\n\n\n\n\n\n\n\n\n\n\n\n\n\n\n\n\n\n\n\n\n\n\n\n\n\n\n\n\n\n\n\n\n\n\n<h2> &nbsp;&nbsp;&nbsp;&nbsp; Bis 2017 &nbsp;&nbsp;&nbsp;&nbsp; <a href=\"https:\/\/senak.inf.tu-dresden.de\/wordpress\/?page_id=13229\">[ im R\u00fcckblick ansehen... ]<\/a><\/h2>\n\n\n\n\n\n\n\n\n\n\n\n\n\n\n\n\n\n\n\n\n\n\n\n\n\n\n\n\n\n\n\n\n\n\n\n\n\n\n\n\n\n\n\n\n\n\n\n\n\n\n\n\n\n\n\n\n\n\n\n\n\n\n\n\n\n\n\n\n\n\n\n\n\n\n\n\n\n\n\n\n\n\n\n\n\n\n\n\n\n\n\n\n\n\n\n\n\n\n\n\n\n\n\n\n\n\n\n\n\n\n\n\n\n\n\n\n\n\n\n\n\n\n\n\n\n\n\n\n\n\n\n\n\n\n\n\n\n\n\n\n\n\n\n\n\n\n\n\n\n\n\n\n\n\n\n\n\n\n\n\n\n\n\n\n\n\n\n\n\n\n\n\n\n\n\n\n\n\n\n\n\n\n\n\n\n\n\n\n\n\n\n\n\n\n\n\n\n\n\n\n\n\n\n\n\n\n\n\n\n\n\n\n\n\n\n\n\n\n\n\n\n\n\n\n\n\n\n\n\n\n\n\n\n\n\n\n\n\n\n\n\n\n\n\n\n\n\n\n\n\n\n\n\n\n\n\n\n\n\n\n\n\n\n\n\n\n\n\n\n\n\n\n\n\n\n\n\n\n\n\n\n\n\n\n\n\n\n\n\n\n\n\n\n\n\n\n\n\n\n\n\n\n\n\n\n\n\n\n\n\n\n\n\n\n\n\n\n\n\n\n\n\n\n\n\n\n\n\n\n\n\n\n\n\n\n\n\n\n\n\n\n\n\n\n\n\n\n\n\n\n\n\n\n\n\n\n\n\n\n\n\n\n\n\n\n\n\n\n\n\n\n\n\n\n\n\n\n\n\n\n\n\n\n\n\n\n\n\n\n\n\n\n\n\n\n\n\n\n\n\n\n\n\n\n\n\n\n\n\n\n\n\n\n\n\n\n\n\n\n\n\n\n\n\n\n\n\n\n\n\n\n\n\n\n\n\n\n\n\n\n\n\n\n\n\n\n\n\n\n\n\n\n\n\n\n\n\n\n\n\n\n\n[\/ab_gelb]--><\/p>\n<p><\/p>\n\n\n<figure class=\"wp-block-gallery columns-0 is-cropped\"><ul class=\"blocks-gallery-grid\"><\/ul><\/figure>\n\n\n\n<div class=\"wp-block-columns\">\n<div class=\"wp-block-column\" style=\"flex-basis:100%\">\n<div class=\"wp-block-columns\">\n<div class=\"wp-block-column\" style=\"flex-basis:100%\">\n<div class=\"wp-block-group\"><div class=\"wp-block-group__inner-container\"><\/div><\/div>\n<\/div>\n<\/div>\n<\/div>\n<\/div>\n\n\n\n<p><\/p>\n","protected":false},"excerpt":{"rendered":"<p>Sehr geehrte H\u00f6rerinnen und H\u00f6rer, Ihre Meinung ist uns wichtig! Bitte berichten Sie von Ihrem Erleben und Eindr\u00fccken bei unseren Veranstaltungen der DSA. Ebenso sind uns immer Anregungen und auch Kritik hilfreich f\u00fcr die weitere Programmgestaltung. Der Kontakt ist jederzeit m\u00f6glich per eMail \u00fcber unser Kontaktformular oder direkt buero-seniorenakademie@dsa-senioren.de bzw. schriftlich an unsere B\u00fcroadresse. Wir [&hellip;]<\/p>\n","protected":false},"author":8,"featured_media":0,"parent":1103,"menu_order":2,"comment_status":"open","ping_status":"open","template":"","meta":[],"_links":{"self":[{"href":"https:\/\/senak.inf.tu-dresden.de\/wordpress\/index.php?rest_route=\/wp\/v2\/pages\/48"}],"collection":[{"href":"https:\/\/senak.inf.tu-dresden.de\/wordpress\/index.php?rest_route=\/wp\/v2\/pages"}],"about":[{"href":"https:\/\/senak.inf.tu-dresden.de\/wordpress\/index.php?rest_route=\/wp\/v2\/types\/page"}],"author":[{"embeddable":true,"href":"https:\/\/senak.inf.tu-dresden.de\/wordpress\/index.php?rest_route=\/wp\/v2\/users\/8"}],"replies":[{"embeddable":true,"href":"https:\/\/senak.inf.tu-dresden.de\/wordpress\/index.php?rest_route=%2Fwp%2Fv2%2Fcomments&post=48"}],"version-history":[{"count":2,"href":"https:\/\/senak.inf.tu-dresden.de\/wordpress\/index.php?rest_route=\/wp\/v2\/pages\/48\/revisions"}],"predecessor-version":[{"id":31089,"href":"https:\/\/senak.inf.tu-dresden.de\/wordpress\/index.php?rest_route=\/wp\/v2\/pages\/48\/revisions\/31089"}],"up":[{"embeddable":true,"href":"https:\/\/senak.inf.tu-dresden.de\/wordpress\/index.php?rest_route=\/wp\/v2\/pages\/1103"}],"wp:attachment":[{"href":"https:\/\/senak.inf.tu-dresden.de\/wordpress\/index.php?rest_route=%2Fwp%2Fv2%2Fmedia&parent=48"}],"curies":[{"name":"wp","href":"https:\/\/api.w.org\/{rel}","templated":true}]}}